{"id":433,"date":"2023-05-21T22:19:32","date_gmt":"2023-05-21T22:19:32","guid":{"rendered":"https:\/\/vecinosdelinterior.com\/index.php\/home-1\/"},"modified":"2026-01-25T19:28:45","modified_gmt":"2026-01-25T22:28:45","slug":"home-1","status":"publish","type":"page","link":"https:\/\/vecinosdelinterior.com\/","title":{"rendered":"Home 1"},"content":{"rendered":"<p>[vc_row][vc_column]<div  class='jeg_ad jeg_ad_module jnews_module__0_69f340fd5dc3e   '><div class='ads-wrapper'><a href='' target='_self' class='adlink ads_image '>\n\t\t\t\t\t\t\t\t<img src='https:\/\/vecinosdelinterior.com\/wp-content\/themes\/jnews\/assets\/img\/jeg-empty.png' class='lazyload' data-src='https:\/\/vecinosdelinterior.com\/wp-content\/uploads\/2023\/08\/728x90.jpg' alt='' data-pin-no-hover=\"true\">\n\t\t\t\t\t\t\t<\/a><a href='' target='_self' class='adlink ads_image_tablet '>\n\t\t\t\t\t\t\t\t<img src='https:\/\/vecinosdelinterior.com\/wp-content\/themes\/jnews\/assets\/img\/jeg-empty.png' class='lazyload' data-src='https:\/\/vecinosdelinterior.com\/wp-content\/uploads\/2023\/08\/728x90.jpg' alt='' data-pin-no-hover=\"true\">\n\t\t\t\t\t\t\t<\/a><a href='' target='_self' class='adlink ads_image_phone '>\n\t\t\t\t\t\t\t\t<img src='https:\/\/vecinosdelinterior.com\/wp-content\/themes\/jnews\/assets\/img\/jeg-empty.png' class='lazyload' data-src='https:\/\/vecinosdelinterior.com\/wp-content\/uploads\/2023\/08\/728x90.jpg' alt='' data-pin-no-hover=\"true\">\n\t\t\t\t\t\t\t<\/a><\/div><\/div><div  class=\"jeg_breakingnews clearfix jnews_module__1_69f340fd5e670   \">\n                <div class=\"jeg_breakingnews_title\"><i class=\"fa fa-bolt\">&nbsp;<\/i> <span>Trending<\/span><\/div>\n\n                <div class=\"jeg_news_ticker\" data-autoplay='true' data-delay='3000' data-animation='horizontal'>\n                    <div class=\"jeg_news_ticker_items\">\n                        <div class=\"jeg_news_ticker_item jeg_news_ticker_animated jeg_news_ticker_active format-standard\">\n                <span>\n                    <a href=\"https:\/\/vecinosdelinterior.com\/index.php\/2026\/04\/23\/naschel-recibira-la-segunda-fecha-del-rally-provincial-con-un-operativo-de-seguridad-reforzado\/\" >Naschel recibir\u00e1 la segunda fecha del rally provincial con un operativo de seguridad reforzado<\/a>\n                <\/span>\n                <span class=\"post-date\">\n                    23 abril, 2026\n                <\/span>\n            <\/div><div class=\"jeg_news_ticker_item jeg_news_ticker_animated  format-standard\">\n                <span>\n                    <a href=\"https:\/\/vecinosdelinterior.com\/index.php\/2026\/04\/22\/tilisarao-comenzo-la-diplomatura-universitaria-en-cuidado-de-personas-mayores\/\" >Tilisarao: comenz\u00f3 la Diplomatura Universitaria en Cuidado de Personas Mayores<\/a>\n                <\/span>\n                <span class=\"post-date\">\n                    22 abril, 2026\n                <\/span>\n            <\/div><div class=\"jeg_news_ticker_item jeg_news_ticker_animated  format-standard\">\n                <span>\n                    <a href=\"https:\/\/vecinosdelinterior.com\/index.php\/2026\/04\/22\/piden-23-anos-de-prision-para-un-hombre-acusado-de-abusar-de-las-hijas-de-su-expareja-en-union\/\" >Piden 23 a\u00f1os de prisi\u00f3n para un hombre acusado de abusar de las hijas de su expareja en Uni\u00f3n<\/a>\n                <\/span>\n                <span class=\"post-date\">\n                    22 abril, 2026\n                <\/span>\n            <\/div><div class=\"jeg_news_ticker_item jeg_news_ticker_animated  format-standard\">\n                <span>\n                    <a href=\"https:\/\/vecinosdelinterior.com\/index.php\/2026\/04\/22\/este-sabado-san-francisco-del-monte-de-oro-sera-sede-de-una-jornada-de-captacion-de-club-atletico-banfield\/\" >Este s\u00e1bado San Francisco del Monte de Oro ser\u00e1 sede de una jornada de captaci\u00f3n de Club Atl\u00e9tico Banfield<\/a>\n                <\/span>\n                <span class=\"post-date\">\n                    22 abril, 2026\n                <\/span>\n            <\/div><div class=\"jeg_news_ticker_item jeg_news_ticker_animated  format-standard\">\n                <span>\n                    <a href=\"https:\/\/vecinosdelinterior.com\/index.php\/2026\/04\/22\/buena-esperanza-acompanan-a-jovenes-en-la-inscripcion-al-programa-progresar\/\" >Buena Esperanza: acompa\u00f1an a j\u00f3venes en la inscripci\u00f3n al programa Progresar<\/a>\n                <\/span>\n                <span class=\"post-date\">\n                    24 abril, 2026\n                <\/span>\n            <\/div>\n                    <\/div>\n                    <div class=\"jeg_news_ticker_control\">\n                        <div class=\"jeg_news_ticker_next jeg_news_ticker_arrow\"><span>Next<\/span><\/div>\n                        <div class=\"jeg_news_ticker_prev jeg_news_ticker_arrow\"><span>Prev<\/span><\/div>\n                    <\/div>\n                <\/div>\n                \n            <\/div><div  class=\"jeg_heroblock jeg_heroblock_2 jeg_col_2o3 jeg_hero_style_2 jnews_module__2_69f340fd5fe66 vc_custom_1557372879519 \" data-margin=\"2\" >\n                <div class=\"jeg_heroblock_wrapper\" style='margin: 0px 0px -2px -2px;'>\n\t                <article class=\"jeg_post jeg_hero_item_1 format-standard\" style=\"padding: 0 0 2px 2px;\">\n                    <div class=\"jeg_block_container\">\n                        \n                        <span class=\"jeg_postformat_icon\"><\/span>\n                        <div class=\"jeg_thumb\">\n                            <a href=\"https:\/\/vecinosdelinterior.com\/index.php\/2026\/04\/29\/regionalizacion-en-busca-de-potenciar-el-interior-y-fortalecer-los-municipios-un-proyecto-impulsado-por-el-senador-del-pj-despierta-interes\/\" ><div class=\"thumbnail-container thumbnail-background\" data-src=\"https:\/\/vecinosdelinterior.com\/wp-content\/uploads\/2026\/04\/pepe-olguin.png\" >\n                        <div class=\"lazyloaded\" data-src=\"https:\/\/vecinosdelinterior.com\/wp-content\/uploads\/2026\/04\/pepe-olguin.png\" style=\"background-image: url(https:\/\/vecinosdelinterior.com\/wp-content\/uploads\/2026\/04\/pepe-olguin.png)\"><\/div>\n                    <\/div><\/a>\n                        <\/div>\n                        <div class=\"jeg_postblock_content\">\n                            <div class=\"jeg_post_category\"><a href=\"https:\/\/vecinosdelinterior.com\/index.php\/category\/chacabuco\/\" class=\"category-chacabuco\">CHACABUCO<\/a><\/div>\n                            <div class=\"jeg_post_info\">\n                                <h2 class=\"jeg_post_title\">\n                                    <a href=\"https:\/\/vecinosdelinterior.com\/index.php\/2026\/04\/29\/regionalizacion-en-busca-de-potenciar-el-interior-y-fortalecer-los-municipios-un-proyecto-impulsado-por-el-senador-del-pj-despierta-interes\/\" >Regionalizaci\u00f3n: En busca de potenciar el interior y fortalecer los municipios, un proyecto impulsado por el senador del PJ despierta inter\u00e9s<\/a>\n                                <\/h2>\n                                <div class=\"jeg_post_meta\"><div class=\"jeg_meta_author\"><span class=\"by\">by<\/span> <a href=\"https:\/\/vecinosdelinterior.com\/index.php\/author\/vecinosdelinterior-com\/\">vecinosdelinterior.com<\/a><\/div><div class=\"jeg_meta_date\"><a href=\"https:\/\/vecinosdelinterior.com\/index.php\/2026\/04\/29\/regionalizacion-en-busca-de-potenciar-el-interior-y-fortalecer-los-municipios-un-proyecto-impulsado-por-el-senador-del-pj-despierta-interes\/\"><i class=\"fa fa-clock-o\"><\/i> 29 abril, 2026<\/a><\/div><\/div>\n                            <\/div>\n                        <\/div>\n                    <\/div>\n                <\/article>\n            <div class=\"jeg_heroblock_scroller\">\n                <article class=\"jeg_post jeg_hero_item_2 format-standard\" style=\"padding: 0 0 2px 2px;\">\n                    <div class=\"jeg_block_container\">\n                        \n                        <span class=\"jeg_postformat_icon\"><\/span>\n                        <div class=\"jeg_thumb\">\n                            <a href=\"https:\/\/vecinosdelinterior.com\/index.php\/2026\/04\/29\/buena-esperanza-actualiza-la-tasa-de-abl-ante-la-caida-de-recursos-y-busca-garantizar-servicios-esenciales\/\" ><div class=\"thumbnail-container thumbnail-background\" data-src=\"https:\/\/vecinosdelinterior.com\/wp-content\/uploads\/2026\/04\/682618428_122263198052146161_7630088342615467401_n-350x250.jpg\" >\n                        <div class=\"lazyloaded\" data-src=\"https:\/\/vecinosdelinterior.com\/wp-content\/uploads\/2026\/04\/682618428_122263198052146161_7630088342615467401_n-350x250.jpg\" style=\"background-image: url(https:\/\/vecinosdelinterior.com\/wp-content\/uploads\/2026\/04\/682618428_122263198052146161_7630088342615467401_n-350x250.jpg)\"><\/div>\n                    <\/div><\/a>\n                        <\/div>\n                        <div class=\"jeg_postblock_content\">\n                            <div class=\"jeg_post_category\">\n                                <a href=\"https:\/\/vecinosdelinterior.com\/index.php\/category\/dupuy\/buena-esperanza-dupuy\/\" class=\"category-buena-esperanza-dupuy\">BUENA ESPERANZA<\/a>\n                            <\/div>\n                            <div class=\"jeg_post_info\">\n                                <h2 class=\"jeg_post_title\">\n                                    <a href=\"https:\/\/vecinosdelinterior.com\/index.php\/2026\/04\/29\/buena-esperanza-actualiza-la-tasa-de-abl-ante-la-caida-de-recursos-y-busca-garantizar-servicios-esenciales\/\">Buena Esperanza actualiza la tasa de ABL ante la ca\u00edda de recursos y busca garantizar servicios esenciales<\/a>\n                                <\/h2>\n                                <div class=\"jeg_post_meta\"><div class=\"jeg_meta_date\"><a href=\"https:\/\/vecinosdelinterior.com\/index.php\/2026\/04\/29\/buena-esperanza-actualiza-la-tasa-de-abl-ante-la-caida-de-recursos-y-busca-garantizar-servicios-esenciales\/\" ><i class=\"fa fa-clock-o\"><\/i> 29 abril, 2026<\/a><\/div><\/div>\n                            <\/div>\n                        <\/div>\n                    <\/div>\n                <\/article><article class=\"jeg_post jeg_hero_item_3 format-standard\" style=\"padding: 0 0 2px 2px;\">\n                    <div class=\"jeg_block_container\">\n                        \n                        <span class=\"jeg_postformat_icon\"><\/span>\n                        <div class=\"jeg_thumb\">\n                            <a href=\"https:\/\/vecinosdelinterior.com\/index.php\/2026\/04\/29\/quines-secuestraron-una-motocicleta-sin-documentacion-en-la-que-circulaban-dos-adolescentes\/\" ><div class=\"thumbnail-container thumbnail-background\" data-src=\"https:\/\/vecinosdelinterior.com\/wp-content\/uploads\/2026\/04\/684909597_831081163375905_6931354726382968944_n-350x250.jpg\" >\n                        <div class=\"lazyloaded\" data-src=\"https:\/\/vecinosdelinterior.com\/wp-content\/uploads\/2026\/04\/684909597_831081163375905_6931354726382968944_n-350x250.jpg\" style=\"background-image: url(https:\/\/vecinosdelinterior.com\/wp-content\/uploads\/2026\/04\/684909597_831081163375905_6931354726382968944_n-350x250.jpg)\"><\/div>\n                    <\/div><\/a>\n                        <\/div>\n                        <div class=\"jeg_postblock_content\">\n                            <div class=\"jeg_post_category\">\n                                <a href=\"https:\/\/vecinosdelinterior.com\/index.php\/category\/ayacucho\/\" class=\"category-ayacucho\">AYACUCHO<\/a>\n                            <\/div>\n                            <div class=\"jeg_post_info\">\n                                <h2 class=\"jeg_post_title\">\n                                    <a href=\"https:\/\/vecinosdelinterior.com\/index.php\/2026\/04\/29\/quines-secuestraron-una-motocicleta-sin-documentacion-en-la-que-circulaban-dos-adolescentes\/\">Quines: secuestraron una motocicleta sin documentaci\u00f3n en la que circulaban dos adolescentes<\/a>\n                                <\/h2>\n                                <div class=\"jeg_post_meta\"><div class=\"jeg_meta_date\"><a href=\"https:\/\/vecinosdelinterior.com\/index.php\/2026\/04\/29\/quines-secuestraron-una-motocicleta-sin-documentacion-en-la-que-circulaban-dos-adolescentes\/\" ><i class=\"fa fa-clock-o\"><\/i> 30 abril, 2026<\/a><\/div><\/div>\n                            <\/div>\n                        <\/div>\n                    <\/div>\n                <\/article><article class=\"jeg_post jeg_hero_item_4 format-standard\" style=\"padding: 0 0 2px 2px;\">\n                    <div class=\"jeg_block_container\">\n                        \n                        <span class=\"jeg_postformat_icon\"><\/span>\n                        <div class=\"jeg_thumb\">\n                            <a href=\"https:\/\/vecinosdelinterior.com\/index.php\/2026\/04\/29\/la-policia-realizo-allanamientos-en-quines-por-un-hurto-cometido-en-lujan-y-secuestro-distintos-elementos\/\" ><div class=\"thumbnail-container thumbnail-background\" data-src=\"https:\/\/vecinosdelinterior.com\/wp-content\/uploads\/2026\/04\/WhatsApp-Image-2026-04-29-at-10.08.34-PM-350x250.jpeg\" >\n                        <div class=\"lazyloaded\" data-src=\"https:\/\/vecinosdelinterior.com\/wp-content\/uploads\/2026\/04\/WhatsApp-Image-2026-04-29-at-10.08.34-PM-350x250.jpeg\" style=\"background-image: url(https:\/\/vecinosdelinterior.com\/wp-content\/uploads\/2026\/04\/WhatsApp-Image-2026-04-29-at-10.08.34-PM-350x250.jpeg)\"><\/div>\n                    <\/div><\/a>\n                        <\/div>\n                        <div class=\"jeg_postblock_content\">\n                            <div class=\"jeg_post_category\">\n                                <a href=\"https:\/\/vecinosdelinterior.com\/index.php\/category\/ayacucho\/\" class=\"category-ayacucho\">AYACUCHO<\/a>\n                            <\/div>\n                            <div class=\"jeg_post_info\">\n                                <h2 class=\"jeg_post_title\">\n                                    <a href=\"https:\/\/vecinosdelinterior.com\/index.php\/2026\/04\/29\/la-policia-realizo-allanamientos-en-quines-por-un-hurto-cometido-en-lujan-y-secuestro-distintos-elementos\/\">La Polic\u00eda realiz\u00f3 allanamientos en Quines por un hurto cometido en Luj\u00e1n y secuestr\u00f3 distintos elementos<\/a>\n                                <\/h2>\n                                <div class=\"jeg_post_meta\"><div class=\"jeg_meta_date\"><a href=\"https:\/\/vecinosdelinterior.com\/index.php\/2026\/04\/29\/la-policia-realizo-allanamientos-en-quines-por-un-hurto-cometido-en-lujan-y-secuestro-distintos-elementos\/\" ><i class=\"fa fa-clock-o\"><\/i> 30 abril, 2026<\/a><\/div><\/div>\n                            <\/div>\n                        <\/div>\n                    <\/div>\n                <\/article><article class=\"jeg_post jeg_hero_item_5 format-standard\" style=\"padding: 0 0 2px 2px;\">\n                    <div class=\"jeg_block_container\">\n                        \n                        <span class=\"jeg_postformat_icon\"><\/span>\n                        <div class=\"jeg_thumb\">\n                            <a href=\"https:\/\/vecinosdelinterior.com\/index.php\/2026\/04\/28\/mas-municipios-se-suman-al-proceso-de-despapelizacion-con-el-sistema-tramix\/\" ><div class=\"thumbnail-container thumbnail-background\" data-src=\"https:\/\/vecinosdelinterior.com\/wp-content\/uploads\/2026\/04\/WhatsApp-Image-2026-04-29-at-9.45.41-AM-2-1-500x412-1-350x250.jpeg\" >\n                        <div class=\"lazyloaded\" data-src=\"https:\/\/vecinosdelinterior.com\/wp-content\/uploads\/2026\/04\/WhatsApp-Image-2026-04-29-at-9.45.41-AM-2-1-500x412-1-350x250.jpeg\" style=\"background-image: url(https:\/\/vecinosdelinterior.com\/wp-content\/uploads\/2026\/04\/WhatsApp-Image-2026-04-29-at-9.45.41-AM-2-1-500x412-1-350x250.jpeg)\"><\/div>\n                    <\/div><\/a>\n                        <\/div>\n                        <div class=\"jeg_postblock_content\">\n                            <div class=\"jeg_post_category\">\n                                <a href=\"https:\/\/vecinosdelinterior.com\/index.php\/category\/chacabuco\/\" class=\"category-chacabuco\">CHACABUCO<\/a>\n                            <\/div>\n                            <div class=\"jeg_post_info\">\n                                <h2 class=\"jeg_post_title\">\n                                    <a href=\"https:\/\/vecinosdelinterior.com\/index.php\/2026\/04\/28\/mas-municipios-se-suman-al-proceso-de-despapelizacion-con-el-sistema-tramix\/\">M\u00e1s municipios se suman al proceso de despapelizaci\u00f3n con el sistema Tramix<\/a>\n                                <\/h2>\n                                <div class=\"jeg_post_meta\"><div class=\"jeg_meta_date\"><a href=\"https:\/\/vecinosdelinterior.com\/index.php\/2026\/04\/28\/mas-municipios-se-suman-al-proceso-de-despapelizacion-con-el-sistema-tramix\/\" ><i class=\"fa fa-clock-o\"><\/i> 29 abril, 2026<\/a><\/div><\/div>\n                            <\/div>\n                        <\/div>\n                    <\/div>\n                <\/article>\n            <\/div>\n\t            <\/div>\n            <\/div>\n            [\/vc_column][vc_column offset=\u00bbvc_hidden-xs\u00bb][vc_empty_space height=\u00bb10px\u00bb][\/vc_column][\/vc_row][vc_row vc_row_background=\u00bb\u00bb][vc_column offset=\u00bbvc_col-md-8&#8243;]<div  class=\"jeg_postblock_23 jeg_postblock jeg_module_hook jeg_pagination_nextprev jeg_col_2o3 jnews_module__3_69f340fd61fc7  jeg_pb_boxed jeg_pb_boxed_shadow  \" data-unique=\"jnews_module__3_69f340fd61fc7\">\n                <div class=\"jeg_block_heading jeg_block_heading_9 jeg_subcat_right\">\n                    <h3 class=\"jeg_block_title\"><span>Norte Puntano<\/span><\/h3>\n                    \n                <\/div>\n                <div class=\"jeg_block_container\">\n                \n                <div class=\"jeg_posts_wrap\">\n                <div class=\"jeg_posts jeg_load_more_flag\"> \n                    <article class=\"jeg_post jeg_pl_md_1 format-standard\">\n                <div class=\"jeg_thumb\">\n                    \n                    <a href=\"https:\/\/vecinosdelinterior.com\/index.php\/2026\/04\/29\/regionalizacion-en-busca-de-potenciar-el-interior-y-fortalecer-los-municipios-un-proyecto-impulsado-por-el-senador-del-pj-despierta-interes\/\"><div class=\"thumbnail-container animate-lazy  size-715 \"><img fetchpriority=\"high\" decoding=\"async\" width=\"350\" height=\"250\" src=\"https:\/\/vecinosdelinterior.com\/wp-content\/themes\/jnews\/assets\/img\/jeg-empty.png\" class=\"attachment-jnews-350x250 size-jnews-350x250 lazyload wp-post-image\" alt=\"Regionalizaci\u00f3n: En busca de potenciar el interior y fortalecer los municipios, un proyecto impulsado por el senador del PJ despierta inter\u00e9s\" sizes=\"(max-width: 350px) 100vw, 350px\" data-src=\"https:\/\/vecinosdelinterior.com\/wp-content\/uploads\/2026\/04\/pepe-olguin-350x250.png\" data-srcset=\"https:\/\/vecinosdelinterior.com\/wp-content\/uploads\/2026\/04\/pepe-olguin-350x250.png 350w, https:\/\/vecinosdelinterior.com\/wp-content\/uploads\/2026\/04\/pepe-olguin-120x86.png 120w\" data-sizes=\"auto\" data-expand=\"700\" \/><\/div><\/a>\n                    <div class=\"jeg_post_category\">\n                        <span><a href=\"https:\/\/vecinosdelinterior.com\/index.php\/category\/chacabuco\/\" class=\"category-chacabuco\">CHACABUCO<\/a><\/span>\n                    <\/div>\n                <\/div>\n                <div class=\"jeg_postblock_content\">\n                    <h3 class=\"jeg_post_title\">\n                        <a href=\"https:\/\/vecinosdelinterior.com\/index.php\/2026\/04\/29\/regionalizacion-en-busca-de-potenciar-el-interior-y-fortalecer-los-municipios-un-proyecto-impulsado-por-el-senador-del-pj-despierta-interes\/\">Regionalizaci\u00f3n: En busca de potenciar el interior y fortalecer los municipios, un proyecto impulsado por el senador del PJ despierta inter\u00e9s<\/a>\n                    <\/h3>\n                    <div class=\"jeg_post_excerpt\">\n                        <p>VECINOSDELINTERIOR.COM \/ 29 DE ABRILHugo Olgu\u00edn, del bloque del PJ del...<\/p>\n                    <\/div>\n                    <div class=\"jeg_post_meta\"><div class=\"jeg_meta_author\"><span class=\"by\">by<\/span> <a href=\"https:\/\/vecinosdelinterior.com\/index.php\/author\/vecinosdelinterior-com\/\">vecinosdelinterior.com<\/a><\/div><div class=\"jeg_meta_date\"><a href=\"https:\/\/vecinosdelinterior.com\/index.php\/2026\/04\/29\/regionalizacion-en-busca-de-potenciar-el-interior-y-fortalecer-los-municipios-un-proyecto-impulsado-por-el-senador-del-pj-despierta-interes\/\"><i class=\"fa fa-clock-o\"><\/i> 29 abril, 2026<\/a><\/div><\/div>\n                <\/div>\n            <\/article><article class=\"jeg_post jeg_pl_md_1 format-standard\">\n                <div class=\"jeg_thumb\">\n                    \n                    <a href=\"https:\/\/vecinosdelinterior.com\/index.php\/2026\/04\/29\/quines-secuestraron-una-motocicleta-sin-documentacion-en-la-que-circulaban-dos-adolescentes\/\"><div class=\"thumbnail-container animate-lazy  size-715 \"><img decoding=\"async\" width=\"350\" height=\"250\" src=\"https:\/\/vecinosdelinterior.com\/wp-content\/themes\/jnews\/assets\/img\/jeg-empty.png\" class=\"attachment-jnews-350x250 size-jnews-350x250 lazyload wp-post-image\" alt=\"Quines: secuestraron una motocicleta sin documentaci\u00f3n en la que circulaban dos adolescentes\" sizes=\"(max-width: 350px) 100vw, 350px\" data-src=\"https:\/\/vecinosdelinterior.com\/wp-content\/uploads\/2026\/04\/684909597_831081163375905_6931354726382968944_n-350x250.jpg\" data-srcset=\"https:\/\/vecinosdelinterior.com\/wp-content\/uploads\/2026\/04\/684909597_831081163375905_6931354726382968944_n-350x250.jpg 350w, https:\/\/vecinosdelinterior.com\/wp-content\/uploads\/2026\/04\/684909597_831081163375905_6931354726382968944_n-120x86.jpg 120w, https:\/\/vecinosdelinterior.com\/wp-content\/uploads\/2026\/04\/684909597_831081163375905_6931354726382968944_n-750x536.jpg 750w\" data-sizes=\"auto\" data-expand=\"700\" \/><\/div><\/a>\n                    <div class=\"jeg_post_category\">\n                        <span><a href=\"https:\/\/vecinosdelinterior.com\/index.php\/category\/ayacucho\/\" class=\"category-ayacucho\">AYACUCHO<\/a><\/span>\n                    <\/div>\n                <\/div>\n                <div class=\"jeg_postblock_content\">\n                    <h3 class=\"jeg_post_title\">\n                        <a href=\"https:\/\/vecinosdelinterior.com\/index.php\/2026\/04\/29\/quines-secuestraron-una-motocicleta-sin-documentacion-en-la-que-circulaban-dos-adolescentes\/\">Quines: secuestraron una motocicleta sin documentaci\u00f3n en la que circulaban dos adolescentes<\/a>\n                    <\/h3>\n                    <div class=\"jeg_post_excerpt\">\n                        <p>VECINOSDELINTERIOR.COM \/ 29 DE ABRILEste mi\u00e9rcoles por la tarde, polic\u00edas de...<\/p>\n                    <\/div>\n                    <div class=\"jeg_post_meta\"><div class=\"jeg_meta_author\"><span class=\"by\">by<\/span> <a href=\"https:\/\/vecinosdelinterior.com\/index.php\/author\/vecinosdelinterior-com\/\">vecinosdelinterior.com<\/a><\/div><div class=\"jeg_meta_date\"><a href=\"https:\/\/vecinosdelinterior.com\/index.php\/2026\/04\/29\/quines-secuestraron-una-motocicleta-sin-documentacion-en-la-que-circulaban-dos-adolescentes\/\"><i class=\"fa fa-clock-o\"><\/i> 30 abril, 2026<\/a><\/div><\/div>\n                <\/div>\n            <\/article><article class=\"jeg_post jeg_pl_md_1 format-standard\">\n                <div class=\"jeg_thumb\">\n                    \n                    <a href=\"https:\/\/vecinosdelinterior.com\/index.php\/2026\/04\/29\/la-policia-realizo-allanamientos-en-quines-por-un-hurto-cometido-en-lujan-y-secuestro-distintos-elementos\/\"><div class=\"thumbnail-container animate-lazy  size-715 \"><img decoding=\"async\" width=\"350\" height=\"250\" src=\"https:\/\/vecinosdelinterior.com\/wp-content\/themes\/jnews\/assets\/img\/jeg-empty.png\" class=\"attachment-jnews-350x250 size-jnews-350x250 lazyload wp-post-image\" alt=\"La Polic\u00eda realiz\u00f3 allanamientos en Quines por un hurto cometido en Luj\u00e1n y secuestr\u00f3 distintos elementos\" sizes=\"(max-width: 350px) 100vw, 350px\" data-src=\"https:\/\/vecinosdelinterior.com\/wp-content\/uploads\/2026\/04\/WhatsApp-Image-2026-04-29-at-10.08.34-PM-350x250.jpeg\" data-srcset=\"https:\/\/vecinosdelinterior.com\/wp-content\/uploads\/2026\/04\/WhatsApp-Image-2026-04-29-at-10.08.34-PM-350x250.jpeg 350w, https:\/\/vecinosdelinterior.com\/wp-content\/uploads\/2026\/04\/WhatsApp-Image-2026-04-29-at-10.08.34-PM-120x86.jpeg 120w\" data-sizes=\"auto\" data-expand=\"700\" \/><\/div><\/a>\n                    <div class=\"jeg_post_category\">\n                        <span><a href=\"https:\/\/vecinosdelinterior.com\/index.php\/category\/ayacucho\/\" class=\"category-ayacucho\">AYACUCHO<\/a><\/span>\n                    <\/div>\n                <\/div>\n                <div class=\"jeg_postblock_content\">\n                    <h3 class=\"jeg_post_title\">\n                        <a href=\"https:\/\/vecinosdelinterior.com\/index.php\/2026\/04\/29\/la-policia-realizo-allanamientos-en-quines-por-un-hurto-cometido-en-lujan-y-secuestro-distintos-elementos\/\">La Polic\u00eda realiz\u00f3 allanamientos en Quines por un hurto cometido en Luj\u00e1n y secuestr\u00f3 distintos elementos<\/a>\n                    <\/h3>\n                    <div class=\"jeg_post_excerpt\">\n                        <p>VECINOSDELINTERIOR.COM \/ 29 DE ABRILEn el marco de la investigaci\u00f3n de...<\/p>\n                    <\/div>\n                    <div class=\"jeg_post_meta\"><div class=\"jeg_meta_author\"><span class=\"by\">by<\/span> <a href=\"https:\/\/vecinosdelinterior.com\/index.php\/author\/vecinosdelinterior-com\/\">vecinosdelinterior.com<\/a><\/div><div class=\"jeg_meta_date\"><a href=\"https:\/\/vecinosdelinterior.com\/index.php\/2026\/04\/29\/la-policia-realizo-allanamientos-en-quines-por-un-hurto-cometido-en-lujan-y-secuestro-distintos-elementos\/\"><i class=\"fa fa-clock-o\"><\/i> 30 abril, 2026<\/a><\/div><\/div>\n                <\/div>\n            <\/article>\n                <\/div>\n            <\/div>\n                <div class='module-overlay'>\n                <div class='preloader_type preloader_dot'>\n                    <div class=\"module-preloader jeg_preloader dot\">\n                        <span><\/span><span><\/span><span><\/span>\n                    <\/div>\n                    <div class=\"module-preloader jeg_preloader circle\">\n                        <div class=\"jnews_preloader_circle_outer\">\n                            <div class=\"jnews_preloader_circle_inner\"><\/div>\n                        <\/div>\n                    <\/div>\n                    <div class=\"module-preloader jeg_preloader square\">\n                        <div class=\"jeg_square\"><div class=\"jeg_square_inner\"><\/div><\/div>\n                    <\/div>\n                <\/div>\n            <\/div>\n            <\/div>\n            <div class=\"jeg_block_navigation\">\n                <div class='navigation_overlay'><div class='module-preloader jeg_preloader'><span><\/span><span><\/span><span><\/span><\/div><\/div>\n                <div class=\"jeg_block_nav \">\n                    <a href=\"#\" class=\"prev disabled\" title=\"Previous\"><i class=\"fa fa-angle-left\"><\/i><\/a>\n                    <a href=\"#\" class=\"next \" title=\"Next\"><i class=\"fa fa-angle-right\"><\/i><\/a>\n                <\/div>\n                \n            <\/div>\n                <style scoped>.jnews_module__3_69f340fd61fc7 .jeg_block_heading_9 { border-color: #3d348b; }<\/style>\n                <script>var jnews_module__3_69f340fd61fc7 = {\"header_icon\":\"\",\"first_title\":\"Norte Puntano\",\"second_title\":\"\",\"url\":\"\",\"header_type\":\"heading_9\",\"header_background\":\"\",\"header_secondary_background\":\"\",\"header_text_color\":\"\",\"header_line_color\":\"#3d348b\",\"header_accent_color\":\"\",\"header_filter_category\":\"\",\"header_filter_author\":\"\",\"header_filter_tag\":\"\",\"header_filter_text\":\"All\",\"post_type\":\"post\",\"content_type\":\"all\",\"number_post\":\"3\",\"post_offset\":\"0\",\"unique_content\":\"disable\",\"include_post\":\"\",\"exclude_post\":\"\",\"include_category\":\"8,23,29,92,67\",\"exclude_category\":\"\",\"include_author\":\"\",\"include_tag\":\"\",\"exclude_tag\":\"\",\"sort_by\":\"latest\",\"date_format\":\"default\",\"date_format_custom\":\"Y\\\/m\\\/d\",\"excerpt_length\":\"11\",\"excerpt_ellipsis\":\"...\",\"force_normal_image_load\":\"\",\"pagination_mode\":\"nextprev\",\"pagination_nextprev_showtext\":\"\",\"pagination_number_post\":\"3\",\"pagination_scroll_limit\":0,\"boxed\":\"true\",\"boxed_shadow\":\"true\",\"el_id\":\"\",\"el_class\":\"\",\"scheme\":\"\",\"column_width\":\"auto\",\"title_color\":\"\",\"accent_color\":\"\",\"alt_color\":\"\",\"excerpt_color\":\"\",\"css\":\"\",\"compatible_column_notice\":\"\",\"paged\":1,\"column_class\":\"jeg_col_2o3\",\"class\":\"jnews_block_23\"};<\/script>\n            <\/div><div  class=\"jeg_postblock_23 jeg_postblock jeg_module_hook jeg_pagination_nextprev jeg_col_2o3 jnews_module__4_69f340fd642de  jeg_pb_boxed jeg_pb_boxed_shadow  \" data-unique=\"jnews_module__4_69f340fd642de\">\n                <div class=\"jeg_block_heading jeg_block_heading_9 jeg_subcat_right\">\n                    <h3 class=\"jeg_block_title\"><span>Sur Puntano<\/span><\/h3>\n                    \n                <\/div>\n                <div class=\"jeg_block_container\">\n                \n                <div class=\"jeg_posts_wrap\">\n                <div class=\"jeg_posts jeg_load_more_flag\"> \n                    <article class=\"jeg_post jeg_pl_md_1 format-standard\">\n                <div class=\"jeg_thumb\">\n                    \n                    <a href=\"https:\/\/vecinosdelinterior.com\/index.php\/2026\/04\/29\/buena-esperanza-actualiza-la-tasa-de-abl-ante-la-caida-de-recursos-y-busca-garantizar-servicios-esenciales\/\"><div class=\"thumbnail-container animate-lazy  size-715 \"><img loading=\"lazy\" decoding=\"async\" width=\"350\" height=\"250\" src=\"https:\/\/vecinosdelinterior.com\/wp-content\/themes\/jnews\/assets\/img\/jeg-empty.png\" class=\"attachment-jnews-350x250 size-jnews-350x250 lazyload wp-post-image\" alt=\"Buena Esperanza actualiza la tasa de ABL ante la ca\u00edda de recursos y busca garantizar servicios esenciales\" sizes=\"(max-width: 350px) 100vw, 350px\" data-src=\"https:\/\/vecinosdelinterior.com\/wp-content\/uploads\/2026\/04\/682618428_122263198052146161_7630088342615467401_n-350x250.jpg\" data-srcset=\"https:\/\/vecinosdelinterior.com\/wp-content\/uploads\/2026\/04\/682618428_122263198052146161_7630088342615467401_n-350x250.jpg 350w, https:\/\/vecinosdelinterior.com\/wp-content\/uploads\/2026\/04\/682618428_122263198052146161_7630088342615467401_n-120x86.jpg 120w, https:\/\/vecinosdelinterior.com\/wp-content\/uploads\/2026\/04\/682618428_122263198052146161_7630088342615467401_n-750x536.jpg 750w\" data-sizes=\"auto\" data-expand=\"700\" \/><\/div><\/a>\n                    <div class=\"jeg_post_category\">\n                        <span><a href=\"https:\/\/vecinosdelinterior.com\/index.php\/category\/dupuy\/buena-esperanza-dupuy\/\" class=\"category-buena-esperanza-dupuy\">BUENA ESPERANZA<\/a><\/span>\n                    <\/div>\n                <\/div>\n                <div class=\"jeg_postblock_content\">\n                    <h3 class=\"jeg_post_title\">\n                        <a href=\"https:\/\/vecinosdelinterior.com\/index.php\/2026\/04\/29\/buena-esperanza-actualiza-la-tasa-de-abl-ante-la-caida-de-recursos-y-busca-garantizar-servicios-esenciales\/\">Buena Esperanza actualiza la tasa de ABL ante la ca\u00edda de recursos y busca garantizar servicios esenciales<\/a>\n                    <\/h3>\n                    <div class=\"jeg_post_excerpt\">\n                        <p>La Municipalidad de Buena Esperanza inform\u00f3 a la comunidad que, en el actual contexto econ\u00f3mico, se produjo una disminuci\u00f3n en los fondos de coparticipaci\u00f3n, lo que impacta...<\/p>\n                    <\/div>\n                    <div class=\"jeg_post_meta\"><div class=\"jeg_meta_author\"><span class=\"by\">by<\/span> <a href=\"https:\/\/vecinosdelinterior.com\/index.php\/author\/vecinosdelinterior-com\/\">vecinosdelinterior.com<\/a><\/div><div class=\"jeg_meta_date\"><a href=\"https:\/\/vecinosdelinterior.com\/index.php\/2026\/04\/29\/buena-esperanza-actualiza-la-tasa-de-abl-ante-la-caida-de-recursos-y-busca-garantizar-servicios-esenciales\/\"><i class=\"fa fa-clock-o\"><\/i> 29 abril, 2026<\/a><\/div><\/div>\n                <\/div>\n            <\/article><article class=\"jeg_post jeg_pl_md_1 format-standard\">\n                <div class=\"jeg_thumb\">\n                    \n                    <a href=\"https:\/\/vecinosdelinterior.com\/index.php\/2026\/04\/22\/piden-23-anos-de-prision-para-un-hombre-acusado-de-abusar-de-las-hijas-de-su-expareja-en-union\/\"><div class=\"thumbnail-container animate-lazy  size-715 \"><img loading=\"lazy\" decoding=\"async\" width=\"350\" height=\"250\" src=\"https:\/\/vecinosdelinterior.com\/wp-content\/themes\/jnews\/assets\/img\/jeg-empty.png\" class=\"attachment-jnews-350x250 size-jnews-350x250 lazyload wp-post-image\" alt=\"Piden 23 a\u00f1os de prisi\u00f3n para un hombre acusado de abusar de las hijas de su expareja en Uni\u00f3n\" sizes=\"(max-width: 350px) 100vw, 350px\" data-src=\"https:\/\/vecinosdelinterior.com\/wp-content\/uploads\/2026\/04\/23-350x250.webp\" data-srcset=\"https:\/\/vecinosdelinterior.com\/wp-content\/uploads\/2026\/04\/23-350x250.webp 350w, https:\/\/vecinosdelinterior.com\/wp-content\/uploads\/2026\/04\/23-120x86.webp 120w\" data-sizes=\"auto\" data-expand=\"700\" \/><\/div><\/a>\n                    <div class=\"jeg_post_category\">\n                        <span><a href=\"https:\/\/vecinosdelinterior.com\/index.php\/category\/dupuy\/\" class=\"category-dupuy\">DUPUY<\/a><\/span>\n                    <\/div>\n                <\/div>\n                <div class=\"jeg_postblock_content\">\n                    <h3 class=\"jeg_post_title\">\n                        <a href=\"https:\/\/vecinosdelinterior.com\/index.php\/2026\/04\/22\/piden-23-anos-de-prision-para-un-hombre-acusado-de-abusar-de-las-hijas-de-su-expareja-en-union\/\">Piden 23 a\u00f1os de prisi\u00f3n para un hombre acusado de abusar de las hijas de su expareja en Uni\u00f3n<\/a>\n                    <\/h3>\n                    <div class=\"jeg_post_excerpt\">\n                        <p>VECINOSDELINTERIOR.COM \/ 22 DE ABRILLa Fiscal\u00eda de Instrucci\u00f3n Penal con intervenci\u00f3n en contexto de G\u00e9nero solicit\u00f3 una condena de 23 a\u00f1os de prisi\u00f3n para un hombre acusado...<\/p>\n                    <\/div>\n                    <div class=\"jeg_post_meta\"><div class=\"jeg_meta_author\"><span class=\"by\">by<\/span> <a href=\"https:\/\/vecinosdelinterior.com\/index.php\/author\/vecinosdelinterior-com\/\">vecinosdelinterior.com<\/a><\/div><div class=\"jeg_meta_date\"><a href=\"https:\/\/vecinosdelinterior.com\/index.php\/2026\/04\/22\/piden-23-anos-de-prision-para-un-hombre-acusado-de-abusar-de-las-hijas-de-su-expareja-en-union\/\"><i class=\"fa fa-clock-o\"><\/i> 22 abril, 2026<\/a><\/div><\/div>\n                <\/div>\n            <\/article><article class=\"jeg_post jeg_pl_md_1 format-standard\">\n                <div class=\"jeg_thumb\">\n                    \n                    <a href=\"https:\/\/vecinosdelinterior.com\/index.php\/2026\/04\/22\/buena-esperanza-acompanan-a-jovenes-en-la-inscripcion-al-programa-progresar\/\"><div class=\"thumbnail-container animate-lazy  size-715 \"><img loading=\"lazy\" decoding=\"async\" width=\"350\" height=\"250\" src=\"https:\/\/vecinosdelinterior.com\/wp-content\/themes\/jnews\/assets\/img\/jeg-empty.png\" class=\"attachment-jnews-350x250 size-jnews-350x250 lazyload wp-post-image\" alt=\"Buena Esperanza: acompa\u00f1an a j\u00f3venes en la inscripci\u00f3n al programa Progresar\" sizes=\"(max-width: 350px) 100vw, 350px\" data-src=\"https:\/\/vecinosdelinterior.com\/wp-content\/uploads\/2026\/04\/678378219_122262359456146161_7467634059549156227_n-350x250.jpg\" data-srcset=\"https:\/\/vecinosdelinterior.com\/wp-content\/uploads\/2026\/04\/678378219_122262359456146161_7467634059549156227_n-350x250.jpg 350w, https:\/\/vecinosdelinterior.com\/wp-content\/uploads\/2026\/04\/678378219_122262359456146161_7467634059549156227_n-120x86.jpg 120w, https:\/\/vecinosdelinterior.com\/wp-content\/uploads\/2026\/04\/678378219_122262359456146161_7467634059549156227_n-750x536.jpg 750w\" data-sizes=\"auto\" data-expand=\"700\" \/><\/div><\/a>\n                    <div class=\"jeg_post_category\">\n                        <span><a href=\"https:\/\/vecinosdelinterior.com\/index.php\/category\/dupuy\/buena-esperanza-dupuy\/\" class=\"category-buena-esperanza-dupuy\">BUENA ESPERANZA<\/a><\/span>\n                    <\/div>\n                <\/div>\n                <div class=\"jeg_postblock_content\">\n                    <h3 class=\"jeg_post_title\">\n                        <a href=\"https:\/\/vecinosdelinterior.com\/index.php\/2026\/04\/22\/buena-esperanza-acompanan-a-jovenes-en-la-inscripcion-al-programa-progresar\/\">Buena Esperanza: acompa\u00f1an a j\u00f3venes en la inscripci\u00f3n al programa Progresar<\/a>\n                    <\/h3>\n                    <div class=\"jeg_post_excerpt\">\n                        <p>VECINOSDELINTERIOR.COM \/ 22 DE ABRILLa Municipalidad de Buena Esperanza lanz\u00f3 una convocatoria destinada a j\u00f3venes mayores de 16 a\u00f1os que se encuentren estudiando, con el objetivo de...<\/p>\n                    <\/div>\n                    <div class=\"jeg_post_meta\"><div class=\"jeg_meta_author\"><span class=\"by\">by<\/span> <a href=\"https:\/\/vecinosdelinterior.com\/index.php\/author\/vecinosdelinterior-com\/\">vecinosdelinterior.com<\/a><\/div><div class=\"jeg_meta_date\"><a href=\"https:\/\/vecinosdelinterior.com\/index.php\/2026\/04\/22\/buena-esperanza-acompanan-a-jovenes-en-la-inscripcion-al-programa-progresar\/\"><i class=\"fa fa-clock-o\"><\/i> 24 abril, 2026<\/a><\/div><\/div>\n                <\/div>\n            <\/article>\n                <\/div>\n            <\/div>\n                <div class='module-overlay'>\n                <div class='preloader_type preloader_dot'>\n                    <div class=\"module-preloader jeg_preloader dot\">\n                        <span><\/span><span><\/span><span><\/span>\n                    <\/div>\n                    <div class=\"module-preloader jeg_preloader circle\">\n                        <div class=\"jnews_preloader_circle_outer\">\n                            <div class=\"jnews_preloader_circle_inner\"><\/div>\n                        <\/div>\n                    <\/div>\n                    <div class=\"module-preloader jeg_preloader square\">\n                        <div class=\"jeg_square\"><div class=\"jeg_square_inner\"><\/div><\/div>\n                    <\/div>\n                <\/div>\n            <\/div>\n            <\/div>\n            <div class=\"jeg_block_navigation\">\n                <div class='navigation_overlay'><div class='module-preloader jeg_preloader'><span><\/span><span><\/span><span><\/span><\/div><\/div>\n                <div class=\"jeg_block_nav \">\n                    <a href=\"#\" class=\"prev disabled\" title=\"Previous\"><i class=\"fa fa-angle-left\"><\/i><\/a>\n                    <a href=\"#\" class=\"next \" title=\"Next\"><i class=\"fa fa-angle-right\"><\/i><\/a>\n                <\/div>\n                \n            <\/div>\n                <style scoped>.jnews_module__4_69f340fd642de .jeg_block_heading_9 { border-color: #3d348b; }<\/style>\n                <script>var jnews_module__4_69f340fd642de = {\"header_icon\":\"\",\"first_title\":\"Sur Puntano\",\"second_title\":\"\",\"url\":\"\",\"header_type\":\"heading_9\",\"header_background\":\"\",\"header_secondary_background\":\"\",\"header_text_color\":\"\",\"header_line_color\":\"#3d348b\",\"header_accent_color\":\"\",\"header_filter_category\":\"\",\"header_filter_author\":\"\",\"header_filter_tag\":\"\",\"header_filter_text\":\"All\",\"post_type\":\"post\",\"content_type\":\"all\",\"number_post\":\"3\",\"post_offset\":\"0\",\"unique_content\":\"disable\",\"include_post\":\"\",\"exclude_post\":\"\",\"include_category\":\"16\",\"exclude_category\":\"\",\"include_author\":\"\",\"include_tag\":\"\",\"exclude_tag\":\"\",\"sort_by\":\"latest\",\"date_format\":\"default\",\"date_format_custom\":\"Y\\\/m\\\/d\",\"excerpt_length\":\"27\",\"excerpt_ellipsis\":\"...\",\"force_normal_image_load\":\"\",\"pagination_mode\":\"nextprev\",\"pagination_nextprev_showtext\":\"\",\"pagination_number_post\":\"3\",\"pagination_scroll_limit\":0,\"boxed\":\"true\",\"boxed_shadow\":\"true\",\"el_id\":\"\",\"el_class\":\"\",\"scheme\":\"\",\"column_width\":\"auto\",\"title_color\":\"\",\"accent_color\":\"\",\"alt_color\":\"\",\"excerpt_color\":\"\",\"css\":\"\",\"compatible_column_notice\":\"\",\"paged\":1,\"column_class\":\"jeg_col_2o3\",\"class\":\"jnews_block_23\"};<\/script>\n            <\/div><div  class=\"jeg_postblock_2 jeg_postblock jeg_module_hook jeg_pagination_nextprev jeg_col_2o3 jnews_module__5_69f340fd65cfe vc_custom_1710284862209 jeg_pb_boxed jeg_pb_boxed_shadow  \" data-unique=\"jnews_module__5_69f340fd65cfe\">\n                <div class=\"jeg_block_heading jeg_block_heading_3 jeg_subcat_right\">\n                    <h3 class=\"jeg_block_title\"><span><i class='fas fa-bullhorn'><\/i>Gestiones Destacadas<\/span><\/h3>\n                    \n                <\/div>\n                <div class=\"jeg_block_container\">\n                \n                <article class=\"jeg_post jeg_pl_lg_2 format-standard\">\n                <div class=\"jeg_thumb\">\n                \n                <a href=\"https:\/\/vecinosdelinterior.com\/index.php\/2026\/04\/27\/tilisarao-vibro-con-las-finales-de-la-copa-mi-lugar-y-corono-a-sus-campeones\/\"><div class=\"thumbnail-container animate-lazy  size-715 \"><img loading=\"lazy\" decoding=\"async\" width=\"350\" height=\"250\" src=\"https:\/\/vecinosdelinterior.com\/wp-content\/themes\/jnews\/assets\/img\/jeg-empty.png\" class=\"attachment-jnews-350x250 size-jnews-350x250 lazyload wp-post-image\" alt=\"Tilisarao vibr\u00f3 con las finales de la Copa \u201cMi Lugar\u201d y coron\u00f3 a sus campeones\" sizes=\"(max-width: 350px) 100vw, 350px\" data-src=\"https:\/\/vecinosdelinterior.com\/wp-content\/uploads\/2026\/04\/680969863_994976146621258_2103149699664571724_n-350x250.jpg\" data-srcset=\"https:\/\/vecinosdelinterior.com\/wp-content\/uploads\/2026\/04\/680969863_994976146621258_2103149699664571724_n-350x250.jpg 350w, https:\/\/vecinosdelinterior.com\/wp-content\/uploads\/2026\/04\/680969863_994976146621258_2103149699664571724_n-120x86.jpg 120w, https:\/\/vecinosdelinterior.com\/wp-content\/uploads\/2026\/04\/680969863_994976146621258_2103149699664571724_n-750x536.jpg 750w, https:\/\/vecinosdelinterior.com\/wp-content\/uploads\/2026\/04\/680969863_994976146621258_2103149699664571724_n-1140x815.jpg 1140w\" data-sizes=\"auto\" data-expand=\"700\" \/><\/div><\/a>\n                <div class=\"jeg_post_category\">\n                    <span><a href=\"https:\/\/vecinosdelinterior.com\/index.php\/category\/chacabuco\/\" class=\"category-chacabuco\">CHACABUCO<\/a><\/span>\n                <\/div>\n            <\/div>\n            <div class=\"jeg_postblock_content\">\n                <h3 class=\"jeg_post_title\">\n                    <a href=\"https:\/\/vecinosdelinterior.com\/index.php\/2026\/04\/27\/tilisarao-vibro-con-las-finales-de-la-copa-mi-lugar-y-corono-a-sus-campeones\/\">Tilisarao vibr\u00f3 con las finales de la Copa \u201cMi Lugar\u201d y coron\u00f3 a sus campeones<\/a>\n                <\/h3>\n                <div class=\"jeg_post_meta\"><div class=\"jeg_meta_author\"><span class=\"by\">by<\/span> <a href=\"https:\/\/vecinosdelinterior.com\/index.php\/author\/vecinosdelinterior-com\/\">vecinosdelinterior.com<\/a><\/div><div class=\"jeg_meta_date\"><a href=\"https:\/\/vecinosdelinterior.com\/index.php\/2026\/04\/27\/tilisarao-vibro-con-las-finales-de-la-copa-mi-lugar-y-corono-a-sus-campeones\/\"><i class=\"fa fa-clock-o\"><\/i> 27 abril, 2026<\/a><\/div><div class=\"jeg_meta_comment\"><a href=\"https:\/\/vecinosdelinterior.com\/index.php\/2026\/04\/27\/tilisarao-vibro-con-las-finales-de-la-copa-mi-lugar-y-corono-a-sus-campeones\/#comments\" ><i class=\"fa fa-comment-o\"><\/i> 0 <\/a><\/div><\/div>\n                <div class=\"jeg_post_excerpt\">\n                    <p>VECINOSDELINTERIOR.COM \/ 27 DE ABRILEl Centro Deportivo Municipal de Tilisarao fue escenario de una jornada a puro f\u00fatbol con las finales de la segunda edici\u00f3n de la Copa \u201cTilisarao Mi Lugar\u201d. En el tercer puesto femenino, Lobas FC venci\u00f3 3 a 1 a Quequipo, mientras que en el masculino La Gambeta super\u00f3 5 a 4 a La Mafia en...<\/p>\n                    <a href=\"https:\/\/vecinosdelinterior.com\/index.php\/2026\/04\/27\/tilisarao-vibro-con-las-finales-de-la-copa-mi-lugar-y-corono-a-sus-campeones\/\" class=\"jeg_readmore\">Read more<\/a>\n                <\/div>\n            <\/div>\n            <\/article>\n            <div class=\"jeg_posts_wrap\">\n                <div class=\"jeg_posts jeg_load_more_flag\">\n                    <article class=\"jeg_post jeg_pl_sm format-standard\">\n                <div class=\"jeg_thumb\">\n                    \n                    <a href=\"https:\/\/vecinosdelinterior.com\/index.php\/2026\/04\/22\/tilisarao-comenzo-la-diplomatura-universitaria-en-cuidado-de-personas-mayores\/\">\n                        <div class=\"thumbnail-container animate-lazy  size-715 \"><img loading=\"lazy\" decoding=\"async\" width=\"120\" height=\"86\" src=\"https:\/\/vecinosdelinterior.com\/wp-content\/themes\/jnews\/assets\/img\/jeg-empty.png\" class=\"attachment-jnews-120x86 size-jnews-120x86 lazyload wp-post-image\" alt=\"Tilisarao: comenz\u00f3 la Diplomatura Universitaria en Cuidado de Personas Mayores\" sizes=\"(max-width: 120px) 100vw, 120px\" data-src=\"https:\/\/vecinosdelinterior.com\/wp-content\/uploads\/2026\/04\/675885986_26404045129216315_611932283089908835_n-120x86.jpg\" data-srcset=\"https:\/\/vecinosdelinterior.com\/wp-content\/uploads\/2026\/04\/675885986_26404045129216315_611932283089908835_n-120x86.jpg 120w, https:\/\/vecinosdelinterior.com\/wp-content\/uploads\/2026\/04\/675885986_26404045129216315_611932283089908835_n-350x250.jpg 350w, https:\/\/vecinosdelinterior.com\/wp-content\/uploads\/2026\/04\/675885986_26404045129216315_611932283089908835_n-750x536.jpg 750w, https:\/\/vecinosdelinterior.com\/wp-content\/uploads\/2026\/04\/675885986_26404045129216315_611932283089908835_n-1140x815.jpg 1140w\" data-sizes=\"auto\" data-expand=\"700\" \/><\/div>\n                    <\/a>\n                <\/div>\n                <div class=\"jeg_postblock_content\">\n                    <h3 class=\"jeg_post_title\">\n                        <a href=\"https:\/\/vecinosdelinterior.com\/index.php\/2026\/04\/22\/tilisarao-comenzo-la-diplomatura-universitaria-en-cuidado-de-personas-mayores\/\">Tilisarao: comenz\u00f3 la Diplomatura Universitaria en Cuidado de Personas Mayores<\/a>\n                    <\/h3>\n                    <div class=\"jeg_post_meta\"><div class=\"jeg_meta_date\"><a href=\"https:\/\/vecinosdelinterior.com\/index.php\/2026\/04\/22\/tilisarao-comenzo-la-diplomatura-universitaria-en-cuidado-de-personas-mayores\/\" ><i class=\"fa fa-clock-o\"><\/i> 22 abril, 2026<\/a><\/div><\/div>\n                <\/div>\n            <\/article><article class=\"jeg_post jeg_pl_sm format-standard\">\n                <div class=\"jeg_thumb\">\n                    \n                    <a href=\"https:\/\/vecinosdelinterior.com\/index.php\/2026\/04\/22\/buena-esperanza-acompanan-a-jovenes-en-la-inscripcion-al-programa-progresar\/\">\n                        <div class=\"thumbnail-container animate-lazy  size-715 \"><img loading=\"lazy\" decoding=\"async\" width=\"120\" height=\"86\" src=\"https:\/\/vecinosdelinterior.com\/wp-content\/themes\/jnews\/assets\/img\/jeg-empty.png\" class=\"attachment-jnews-120x86 size-jnews-120x86 lazyload wp-post-image\" alt=\"Buena Esperanza: acompa\u00f1an a j\u00f3venes en la inscripci\u00f3n al programa Progresar\" sizes=\"(max-width: 120px) 100vw, 120px\" data-src=\"https:\/\/vecinosdelinterior.com\/wp-content\/uploads\/2026\/04\/678378219_122262359456146161_7467634059549156227_n-120x86.jpg\" data-srcset=\"https:\/\/vecinosdelinterior.com\/wp-content\/uploads\/2026\/04\/678378219_122262359456146161_7467634059549156227_n-120x86.jpg 120w, https:\/\/vecinosdelinterior.com\/wp-content\/uploads\/2026\/04\/678378219_122262359456146161_7467634059549156227_n-350x250.jpg 350w, https:\/\/vecinosdelinterior.com\/wp-content\/uploads\/2026\/04\/678378219_122262359456146161_7467634059549156227_n-750x536.jpg 750w\" data-sizes=\"auto\" data-expand=\"700\" \/><\/div>\n                    <\/a>\n                <\/div>\n                <div class=\"jeg_postblock_content\">\n                    <h3 class=\"jeg_post_title\">\n                        <a href=\"https:\/\/vecinosdelinterior.com\/index.php\/2026\/04\/22\/buena-esperanza-acompanan-a-jovenes-en-la-inscripcion-al-programa-progresar\/\">Buena Esperanza: acompa\u00f1an a j\u00f3venes en la inscripci\u00f3n al programa Progresar<\/a>\n                    <\/h3>\n                    <div class=\"jeg_post_meta\"><div class=\"jeg_meta_date\"><a href=\"https:\/\/vecinosdelinterior.com\/index.php\/2026\/04\/22\/buena-esperanza-acompanan-a-jovenes-en-la-inscripcion-al-programa-progresar\/\" ><i class=\"fa fa-clock-o\"><\/i> 24 abril, 2026<\/a><\/div><\/div>\n                <\/div>\n            <\/article><article class=\"jeg_post jeg_pl_sm format-standard\">\n                <div class=\"jeg_thumb\">\n                    \n                    <a href=\"https:\/\/vecinosdelinterior.com\/index.php\/2026\/04\/08\/buena-esperanza-y-su-propuesta-deportiva-con-hockey-y-yoga-para-distintas-edades\/\">\n                        <div class=\"thumbnail-container animate-lazy  size-715 \"><img loading=\"lazy\" decoding=\"async\" width=\"120\" height=\"86\" src=\"https:\/\/vecinosdelinterior.com\/wp-content\/themes\/jnews\/assets\/img\/jeg-empty.png\" class=\"attachment-jnews-120x86 size-jnews-120x86 lazyload wp-post-image\" alt=\"Buena Esperanza y su propuesta deportiva con hockey y yoga para distintas edades\" sizes=\"(max-width: 120px) 100vw, 120px\" data-src=\"https:\/\/vecinosdelinterior.com\/wp-content\/uploads\/2026\/04\/662253288_122260417754146161_1559795675211742021_n-120x86.jpg\" data-srcset=\"https:\/\/vecinosdelinterior.com\/wp-content\/uploads\/2026\/04\/662253288_122260417754146161_1559795675211742021_n-120x86.jpg 120w, https:\/\/vecinosdelinterior.com\/wp-content\/uploads\/2026\/04\/662253288_122260417754146161_1559795675211742021_n-350x250.jpg 350w, https:\/\/vecinosdelinterior.com\/wp-content\/uploads\/2026\/04\/662253288_122260417754146161_1559795675211742021_n-750x536.jpg 750w\" data-sizes=\"auto\" data-expand=\"700\" \/><\/div>\n                    <\/a>\n                <\/div>\n                <div class=\"jeg_postblock_content\">\n                    <h3 class=\"jeg_post_title\">\n                        <a href=\"https:\/\/vecinosdelinterior.com\/index.php\/2026\/04\/08\/buena-esperanza-y-su-propuesta-deportiva-con-hockey-y-yoga-para-distintas-edades\/\">Buena Esperanza y su propuesta deportiva con hockey y yoga para distintas edades<\/a>\n                    <\/h3>\n                    <div class=\"jeg_post_meta\"><div class=\"jeg_meta_date\"><a href=\"https:\/\/vecinosdelinterior.com\/index.php\/2026\/04\/08\/buena-esperanza-y-su-propuesta-deportiva-con-hockey-y-yoga-para-distintas-edades\/\" ><i class=\"fa fa-clock-o\"><\/i> 8 abril, 2026<\/a><\/div><\/div>\n                <\/div>\n            <\/article><article class=\"jeg_post jeg_pl_sm format-standard\">\n                <div class=\"jeg_thumb\">\n                    \n                    <a href=\"https:\/\/vecinosdelinterior.com\/index.php\/2026\/03\/27\/buena-esperanza-invitan-al-5-encuentro-departamental-de-mujeres-en-el-salon-de-cultura-municipal\/\">\n                        <div class=\"thumbnail-container animate-lazy  size-715 \"><img loading=\"lazy\" decoding=\"async\" width=\"120\" height=\"86\" src=\"https:\/\/vecinosdelinterior.com\/wp-content\/themes\/jnews\/assets\/img\/jeg-empty.png\" class=\"attachment-jnews-120x86 size-jnews-120x86 lazyload wp-post-image\" alt=\"Buena Esperanza: Invitan al 5\u00b0 Encuentro Departamental de Mujeres en el Sal\u00f3n de Cultura municipal\" sizes=\"(max-width: 120px) 100vw, 120px\" data-src=\"https:\/\/vecinosdelinterior.com\/wp-content\/uploads\/2026\/03\/657124574_122258643782146161_1585410863647955790_n-120x86.jpg\" data-srcset=\"https:\/\/vecinosdelinterior.com\/wp-content\/uploads\/2026\/03\/657124574_122258643782146161_1585410863647955790_n-120x86.jpg 120w, https:\/\/vecinosdelinterior.com\/wp-content\/uploads\/2026\/03\/657124574_122258643782146161_1585410863647955790_n-350x250.jpg 350w, https:\/\/vecinosdelinterior.com\/wp-content\/uploads\/2026\/03\/657124574_122258643782146161_1585410863647955790_n-750x536.jpg 750w\" data-sizes=\"auto\" data-expand=\"700\" \/><\/div>\n                    <\/a>\n                <\/div>\n                <div class=\"jeg_postblock_content\">\n                    <h3 class=\"jeg_post_title\">\n                        <a href=\"https:\/\/vecinosdelinterior.com\/index.php\/2026\/03\/27\/buena-esperanza-invitan-al-5-encuentro-departamental-de-mujeres-en-el-salon-de-cultura-municipal\/\">Buena Esperanza: Invitan al 5\u00b0 Encuentro Departamental de Mujeres en el Sal\u00f3n de Cultura municipal<\/a>\n                    <\/h3>\n                    <div class=\"jeg_post_meta\"><div class=\"jeg_meta_date\"><a href=\"https:\/\/vecinosdelinterior.com\/index.php\/2026\/03\/27\/buena-esperanza-invitan-al-5-encuentro-departamental-de-mujeres-en-el-salon-de-cultura-municipal\/\" ><i class=\"fa fa-clock-o\"><\/i> 27 marzo, 2026<\/a><\/div><\/div>\n                <\/div>\n            <\/article>\n                <\/div>\n            <\/div>\n                <div class='module-overlay'>\n                <div class='preloader_type preloader_dot'>\n                    <div class=\"module-preloader jeg_preloader dot\">\n                        <span><\/span><span><\/span><span><\/span>\n                    <\/div>\n                    <div class=\"module-preloader jeg_preloader circle\">\n                        <div class=\"jnews_preloader_circle_outer\">\n                            <div class=\"jnews_preloader_circle_inner\"><\/div>\n                        <\/div>\n                    <\/div>\n                    <div class=\"module-preloader jeg_preloader square\">\n                        <div class=\"jeg_square\"><div class=\"jeg_square_inner\"><\/div><\/div>\n                    <\/div>\n                <\/div>\n            <\/div>\n            <\/div>\n            <div class=\"jeg_block_navigation\">\n                <div class='navigation_overlay'><div class='module-preloader jeg_preloader'><span><\/span><span><\/span><span><\/span><\/div><\/div>\n                <div class=\"jeg_block_nav \">\n                    <a href=\"#\" class=\"prev disabled\" title=\"Previous\"><i class=\"fa fa-angle-left\"><\/i><\/a>\n                    <a href=\"#\" class=\"next \" title=\"Next\"><i class=\"fa fa-angle-right\"><\/i><\/a>\n                <\/div>\n                \n            <\/div>\n                <style scoped>.jnews_module__5_69f340fd65cfe .jeg_meta_author a, .jnews_module__5_69f340fd65cfe .jeg_post_title a:hover { color: #0ba2e2 }.jnews_module__5_69f340fd65cfe .jeg_readmore:hover { background-color: #0ba2e2; }.jnews_module__5_69f340fd65cfe .jeg_readmore:hover { border-color: #0ba2e2; }<\/style>\n                <script>var jnews_module__5_69f340fd65cfe = {\"header_icon\":\"fas fa-bullhorn\",\"first_title\":\"Gestiones Destacadas\",\"second_title\":\"\",\"url\":\"\",\"header_type\":\"heading_3\",\"header_background\":\"\",\"header_secondary_background\":\"\",\"header_text_color\":\"\",\"header_line_color\":\"\",\"header_accent_color\":\"\",\"header_filter_category\":\"\",\"header_filter_author\":\"\",\"header_filter_tag\":\"\",\"header_filter_text\":\"All\",\"post_type\":\"post\",\"content_type\":\"all\",\"number_post\":\"5\",\"post_offset\":\"0\",\"unique_content\":\"disable\",\"include_post\":\"\",\"exclude_post\":\"\",\"include_category\":\"\",\"exclude_category\":\"\",\"include_author\":\"\",\"include_tag\":\"177\",\"exclude_tag\":\"\",\"sort_by\":\"latest\",\"date_format\":\"default\",\"date_format_custom\":\"Y\\\/m\\\/d\",\"excerpt_length\":\"59\",\"excerpt_ellipsis\":\"...\",\"force_normal_image_load\":\"\",\"pagination_mode\":\"nextprev\",\"pagination_nextprev_showtext\":\"\",\"pagination_number_post\":\"5\",\"pagination_scroll_limit\":0,\"boxed\":\"true\",\"boxed_shadow\":\"true\",\"el_id\":\"\",\"el_class\":\"\",\"scheme\":\"\",\"column_width\":\"8\",\"title_color\":\"\",\"accent_color\":\"#0ba2e2\",\"alt_color\":\"\",\"excerpt_color\":\"\",\"css\":\".vc_custom_1710284862209{background-color: #ccddff !important;background-position: center !important;background-repeat: no-repeat !important;background-size: contain !important;border-radius: 20px !important;}\",\"compatible_column_notice\":\"\",\"paged\":1,\"column_class\":\"jeg_col_2o3\",\"class\":\"jnews_block_2\"};<\/script>\n            <\/div><div  class=\"jeg_postblock_1 jeg_postblock jeg_module_hook jeg_pagination_nextprev jeg_col_2o3 jnews_module__6_69f340fd68022  jeg_pb_boxed jeg_pb_boxed_shadow  \" data-unique=\"jnews_module__6_69f340fd68022\">\n                <div class=\"jeg_block_heading jeg_block_heading_3 jeg_subcat_right\">\n                    <h3 class=\"jeg_block_title\"><span><i class='fas fa-exclamation-circle'><\/i>Festivales<\/span><\/h3>\n                    \n                <\/div>\n                <div class=\"jeg_block_container jeg_load_more_flag\">\n                \n                <div class=\"jeg_posts row\">\n                <article class=\"jeg_post jeg_pl_lg_1 col-sm-6 format-standard\">\n                    <div class=\"jeg_thumb\">\n                \n                <a href=\"https:\/\/vecinosdelinterior.com\/index.php\/2026\/03\/07\/adelantan-horario-de-la-pena-por-el-dia-de-la-mujer-en-naschel\/\"><div class=\"thumbnail-container animate-lazy  size-500 \"><img loading=\"lazy\" decoding=\"async\" width=\"360\" height=\"180\" src=\"https:\/\/vecinosdelinterior.com\/wp-content\/themes\/jnews\/assets\/img\/jeg-empty.png\" class=\"attachment-jnews-360x180 size-jnews-360x180 lazyload wp-post-image\" alt=\"Adelantan horario de La Pe\u00f1a por el D\u00eda de la Mujer en Naschel\" sizes=\"(max-width: 360px) 100vw, 360px\" data-src=\"https:\/\/vecinosdelinterior.com\/wp-content\/uploads\/2026\/03\/648652680_18414665344135624_3597889065128967858_n-360x180.jpg\" data-srcset=\"https:\/\/vecinosdelinterior.com\/wp-content\/uploads\/2026\/03\/648652680_18414665344135624_3597889065128967858_n-360x180.jpg 360w, https:\/\/vecinosdelinterior.com\/wp-content\/uploads\/2026\/03\/648652680_18414665344135624_3597889065128967858_n-750x375.jpg 750w\" data-sizes=\"auto\" data-expand=\"700\" \/><\/div><\/a>\n                <div class=\"jeg_post_category\">\n                    <span><a href=\"https:\/\/vecinosdelinterior.com\/index.php\/category\/chacabuco\/\" class=\"category-chacabuco\">CHACABUCO<\/a><\/span>\n                <\/div>\n            <\/div>\n            <div class=\"jeg_postblock_content\">\n                <h3 property=\"headline\" class=\"jeg_post_title\">\n                    <a href=\"https:\/\/vecinosdelinterior.com\/index.php\/2026\/03\/07\/adelantan-horario-de-la-pena-por-el-dia-de-la-mujer-en-naschel\/\">Adelantan horario de La Pe\u00f1a por el D\u00eda de la Mujer en Naschel<\/a>\n                <\/h3>\n                <div class=\"jeg_post_meta\"><div class=\"jeg_meta_author\"><span class=\"by\">by<\/span> <a href=\"https:\/\/vecinosdelinterior.com\/index.php\/author\/vecinosdelinterior-com\/\">vecinosdelinterior.com<\/a><\/div><div class=\"jeg_meta_date\"><a href=\"https:\/\/vecinosdelinterior.com\/index.php\/2026\/03\/07\/adelantan-horario-de-la-pena-por-el-dia-de-la-mujer-en-naschel\/\"><i class=\"fa fa-clock-o\"><\/i> 7 marzo, 2026<\/a><\/div><div class=\"jeg_meta_comment\"><a href=\"https:\/\/vecinosdelinterior.com\/index.php\/2026\/03\/07\/adelantan-horario-de-la-pena-por-el-dia-de-la-mujer-en-naschel\/#comments\" ><i class=\"fa fa-comment-o\"><\/i> 0 <\/a><\/div><\/div>\n                <div class=\"jeg_post_excerpt\">\n                    <p>VECINOSDELINTERIOR.COM \/ 07 DE MARZOComenzar\u00e1 a las 19:00 horas.La decisi\u00f3n de adelantar la hora de inicio es para asegurar la...<\/p>\n                    <a href=\"https:\/\/vecinosdelinterior.com\/index.php\/2026\/03\/07\/adelantan-horario-de-la-pena-por-el-dia-de-la-mujer-en-naschel\/\" class=\"jeg_readmore\">Read more<\/a>\n                <\/div>\n            <\/div>\n                <\/article>\n                <div class=\"jeg_postsmall col-sm-6\">\n                    <article class=\"jeg_post jeg_pl_sm format-standard\">\n                <div class=\"jeg_thumb\">\n                    \n                    <a href=\"https:\/\/vecinosdelinterior.com\/index.php\/2026\/03\/03\/villa-del-carmen-se-prepara-para-el-16-festival-de-jineteada-y-encuentro-de-chamame\/\">\n                        <div class=\"thumbnail-container animate-lazy  size-715 \"><img loading=\"lazy\" decoding=\"async\" width=\"120\" height=\"86\" src=\"https:\/\/vecinosdelinterior.com\/wp-content\/themes\/jnews\/assets\/img\/jeg-empty.png\" class=\"attachment-jnews-120x86 size-jnews-120x86 lazyload wp-post-image\" alt=\"Villa del Carmen se prepara para el 16\u00b0 Festival de Jineteada y Encuentro de Chamam\u00e9\" sizes=\"(max-width: 120px) 100vw, 120px\" data-src=\"https:\/\/vecinosdelinterior.com\/wp-content\/uploads\/2026\/03\/VILLA-DEL-CARMEN-4-500x402-1-120x86.jpeg\" data-srcset=\"https:\/\/vecinosdelinterior.com\/wp-content\/uploads\/2026\/03\/VILLA-DEL-CARMEN-4-500x402-1-120x86.jpeg 120w, https:\/\/vecinosdelinterior.com\/wp-content\/uploads\/2026\/03\/VILLA-DEL-CARMEN-4-500x402-1-350x250.jpeg 350w\" data-sizes=\"auto\" data-expand=\"700\" \/><\/div>\n                    <\/a>\n                <\/div>\n                <div class=\"jeg_postblock_content\">\n                    <h3 class=\"jeg_post_title\">\n                        <a href=\"https:\/\/vecinosdelinterior.com\/index.php\/2026\/03\/03\/villa-del-carmen-se-prepara-para-el-16-festival-de-jineteada-y-encuentro-de-chamame\/\">Villa del Carmen se prepara para el 16\u00b0 Festival de Jineteada y Encuentro de Chamam\u00e9<\/a>\n                    <\/h3>\n                    <div class=\"jeg_post_meta\"><div class=\"jeg_meta_date\"><a href=\"https:\/\/vecinosdelinterior.com\/index.php\/2026\/03\/03\/villa-del-carmen-se-prepara-para-el-16-festival-de-jineteada-y-encuentro-de-chamame\/\" ><i class=\"fa fa-clock-o\"><\/i> 3 marzo, 2026<\/a><\/div><\/div>\n                <\/div>\n            <\/article><article class=\"jeg_post jeg_pl_sm format-standard\">\n                <div class=\"jeg_thumb\">\n                    \n                    <a href=\"https:\/\/vecinosdelinterior.com\/index.php\/2026\/02\/18\/se-viene-el-festival-del-calden\/\">\n                        <div class=\"thumbnail-container animate-lazy  size-715 \"><img loading=\"lazy\" decoding=\"async\" width=\"120\" height=\"86\" src=\"https:\/\/vecinosdelinterior.com\/wp-content\/themes\/jnews\/assets\/img\/jeg-empty.png\" class=\"attachment-jnews-120x86 size-jnews-120x86 lazyload wp-post-image\" alt=\"Se viene el Festival del Cald\u00e9n\" sizes=\"(max-width: 120px) 100vw, 120px\" data-src=\"https:\/\/vecinosdelinterior.com\/wp-content\/uploads\/2026\/02\/635305407_18326215882222756_8636351124204560879_n-120x86.jpg\" data-srcset=\"https:\/\/vecinosdelinterior.com\/wp-content\/uploads\/2026\/02\/635305407_18326215882222756_8636351124204560879_n-120x86.jpg 120w, https:\/\/vecinosdelinterior.com\/wp-content\/uploads\/2026\/02\/635305407_18326215882222756_8636351124204560879_n-350x250.jpg 350w, https:\/\/vecinosdelinterior.com\/wp-content\/uploads\/2026\/02\/635305407_18326215882222756_8636351124204560879_n-750x536.jpg 750w\" data-sizes=\"auto\" data-expand=\"700\" \/><\/div>\n                    <\/a>\n                <\/div>\n                <div class=\"jeg_postblock_content\">\n                    <h3 class=\"jeg_post_title\">\n                        <a href=\"https:\/\/vecinosdelinterior.com\/index.php\/2026\/02\/18\/se-viene-el-festival-del-calden\/\">Se viene el Festival del Cald\u00e9n<\/a>\n                    <\/h3>\n                    <div class=\"jeg_post_meta\"><div class=\"jeg_meta_date\"><a href=\"https:\/\/vecinosdelinterior.com\/index.php\/2026\/02\/18\/se-viene-el-festival-del-calden\/\" ><i class=\"fa fa-clock-o\"><\/i> 18 febrero, 2026<\/a><\/div><\/div>\n                <\/div>\n            <\/article><article class=\"jeg_post jeg_pl_sm format-standard\">\n                <div class=\"jeg_thumb\">\n                    \n                    <a href=\"https:\/\/vecinosdelinterior.com\/index.php\/2026\/02\/17\/una-fiesta-con-identidad-propia-en-tilisarao\/\">\n                        <div class=\"thumbnail-container animate-lazy  size-715 \"><img loading=\"lazy\" decoding=\"async\" width=\"120\" height=\"86\" src=\"https:\/\/vecinosdelinterior.com\/wp-content\/themes\/jnews\/assets\/img\/jeg-empty.png\" class=\"attachment-jnews-120x86 size-jnews-120x86 lazyload wp-post-image\" alt=\"Una fiesta con identidad propia en Tilisarao\" sizes=\"(max-width: 120px) 100vw, 120px\" data-src=\"https:\/\/vecinosdelinterior.com\/wp-content\/uploads\/2026\/02\/638327444_25753993584221476_6033748137588975553_n-120x86.jpg\" data-srcset=\"https:\/\/vecinosdelinterior.com\/wp-content\/uploads\/2026\/02\/638327444_25753993584221476_6033748137588975553_n-120x86.jpg 120w, https:\/\/vecinosdelinterior.com\/wp-content\/uploads\/2026\/02\/638327444_25753993584221476_6033748137588975553_n-350x250.jpg 350w, https:\/\/vecinosdelinterior.com\/wp-content\/uploads\/2026\/02\/638327444_25753993584221476_6033748137588975553_n-750x536.jpg 750w\" data-sizes=\"auto\" data-expand=\"700\" \/><\/div>\n                    <\/a>\n                <\/div>\n                <div class=\"jeg_postblock_content\">\n                    <h3 class=\"jeg_post_title\">\n                        <a href=\"https:\/\/vecinosdelinterior.com\/index.php\/2026\/02\/17\/una-fiesta-con-identidad-propia-en-tilisarao\/\">Una fiesta con identidad propia en Tilisarao<\/a>\n                    <\/h3>\n                    <div class=\"jeg_post_meta\"><div class=\"jeg_meta_date\"><a href=\"https:\/\/vecinosdelinterior.com\/index.php\/2026\/02\/17\/una-fiesta-con-identidad-propia-en-tilisarao\/\" ><i class=\"fa fa-clock-o\"><\/i> 18 febrero, 2026<\/a><\/div><\/div>\n                <\/div>\n            <\/article><article class=\"jeg_post jeg_pl_sm format-standard\">\n                <div class=\"jeg_thumb\">\n                    \n                    <a href=\"https:\/\/vecinosdelinterior.com\/index.php\/2026\/02\/17\/carnavales-naschel-2026\/\">\n                        <div class=\"thumbnail-container animate-lazy  size-715 \"><img loading=\"lazy\" decoding=\"async\" width=\"120\" height=\"86\" src=\"https:\/\/vecinosdelinterior.com\/wp-content\/themes\/jnews\/assets\/img\/jeg-empty.png\" class=\"attachment-jnews-120x86 size-jnews-120x86 lazyload wp-post-image\" alt=\"CARNAVALES NASCHEL 2026\" sizes=\"(max-width: 120px) 100vw, 120px\" data-src=\"https:\/\/vecinosdelinterior.com\/wp-content\/uploads\/2026\/02\/634780866_774323085718380_4685260503788564179_n-120x86.jpg\" data-srcset=\"https:\/\/vecinosdelinterior.com\/wp-content\/uploads\/2026\/02\/634780866_774323085718380_4685260503788564179_n-120x86.jpg 120w, https:\/\/vecinosdelinterior.com\/wp-content\/uploads\/2026\/02\/634780866_774323085718380_4685260503788564179_n-350x250.jpg 350w, https:\/\/vecinosdelinterior.com\/wp-content\/uploads\/2026\/02\/634780866_774323085718380_4685260503788564179_n-750x536.jpg 750w\" data-sizes=\"auto\" data-expand=\"700\" \/><\/div>\n                    <\/a>\n                <\/div>\n                <div class=\"jeg_postblock_content\">\n                    <h3 class=\"jeg_post_title\">\n                        <a href=\"https:\/\/vecinosdelinterior.com\/index.php\/2026\/02\/17\/carnavales-naschel-2026\/\">CARNAVALES NASCHEL 2026<\/a>\n                    <\/h3>\n                    <div class=\"jeg_post_meta\"><div class=\"jeg_meta_date\"><a href=\"https:\/\/vecinosdelinterior.com\/index.php\/2026\/02\/17\/carnavales-naschel-2026\/\" ><i class=\"fa fa-clock-o\"><\/i> 18 febrero, 2026<\/a><\/div><\/div>\n                <\/div>\n            <\/article>\n                <\/div>\n            <\/div>\n                <div class='module-overlay'>\n                <div class='preloader_type preloader_dot'>\n                    <div class=\"module-preloader jeg_preloader dot\">\n                        <span><\/span><span><\/span><span><\/span>\n                    <\/div>\n                    <div class=\"module-preloader jeg_preloader circle\">\n                        <div class=\"jnews_preloader_circle_outer\">\n                            <div class=\"jnews_preloader_circle_inner\"><\/div>\n                        <\/div>\n                    <\/div>\n                    <div class=\"module-preloader jeg_preloader square\">\n                        <div class=\"jeg_square\"><div class=\"jeg_square_inner\"><\/div><\/div>\n                    <\/div>\n                <\/div>\n            <\/div>\n            <\/div>\n            <div class=\"jeg_block_navigation\">\n                <div class='navigation_overlay'><div class='module-preloader jeg_preloader'><span><\/span><span><\/span><span><\/span><\/div><\/div>\n                <div class=\"jeg_block_nav \">\n                    <a href=\"#\" class=\"prev disabled\" title=\"Previous\"><i class=\"fa fa-angle-left\"><\/i><\/a>\n                    <a href=\"#\" class=\"next \" title=\"Next\"><i class=\"fa fa-angle-right\"><\/i><\/a>\n                <\/div>\n                \n            <\/div>\n                <style scoped>.jnews_module__6_69f340fd68022 .jeg_block_heading_3 { background: #4e4ec9; }<\/style>\n                <script>var jnews_module__6_69f340fd68022 = {\"header_icon\":\"fas fa-exclamation-circle\",\"first_title\":\"Festivales\",\"second_title\":\"\",\"url\":\"\",\"header_type\":\"heading_3\",\"header_background\":\"#4e4ec9\",\"header_secondary_background\":\"\",\"header_text_color\":\"\",\"header_line_color\":\"\",\"header_accent_color\":\"\",\"header_filter_category\":\"\",\"header_filter_author\":\"\",\"header_filter_tag\":\"\",\"header_filter_text\":\"All\",\"post_type\":\"post\",\"content_type\":\"all\",\"number_post\":\"5\",\"post_offset\":\"0\",\"unique_content\":\"disable\",\"include_post\":\"\",\"exclude_post\":\"\",\"include_category\":\"\",\"exclude_category\":\"\",\"include_author\":\"\",\"include_tag\":\"333\",\"exclude_tag\":\"\",\"sort_by\":\"latest\",\"date_format\":\"default\",\"date_format_custom\":\"Y\\\/m\\\/d\",\"excerpt_length\":\"20\",\"excerpt_ellipsis\":\"...\",\"force_normal_image_load\":\"\",\"pagination_mode\":\"nextprev\",\"pagination_nextprev_showtext\":\"\",\"pagination_number_post\":\"5\",\"pagination_scroll_limit\":0,\"boxed\":\"true\",\"boxed_shadow\":\"true\",\"el_id\":\"\",\"el_class\":\"\",\"scheme\":\"\",\"column_width\":\"8\",\"title_color\":\"\",\"accent_color\":\"\",\"alt_color\":\"\",\"excerpt_color\":\"\",\"css\":\"\",\"compatible_column_notice\":\"\",\"paged\":1,\"column_class\":\"jeg_col_2o3\",\"class\":\"jnews_block_1\"};<\/script>\n            <\/div>[vc_single_image image=\u00bb3203&#8243; img_size=\u00bblarge\u00bb][\/vc_column][vc_column width=\u00bb1\/3&#8243; sticky_sidebar=\u00bbyes\u00bb set_as_sidebar=\u00bbyes\u00bb offset=\u00bbvc_hidden-sm vc_hidden-xs\u00bb][vc_widget_sidebar sidebar_id=\u00bbdefault-sidebar\u00bb][vc_widget_sidebar sidebar_id=\u00bbdefault-sidebar\u00bb][vc_widget_sidebar sidebar_id=\u00bbhome-sidebar-1&#8243;][vc_single_image image=\u00bb1566&#8243; img_size=\u00bb\u00bb alignment=\u00bbcenter\u00bb onclick=\u00bbcustom_link\u00bb img_link_target=\u00bb_blank\u00bb link=\u00bbhttps:\/\/api.whatsapp.com\/send?phone=+2664835573&#038;text=M%C3%A1s%20info\u00bb][vc_single_image image=\u00bb558&#8243; img_size=\u00bb\u00bb alignment=\u00bbcenter\u00bb onclick=\u00bbcustom_link\u00bb img_link_target=\u00bb_blank\u00bb link=\u00bbhttps:\/\/www.juanakoslay.gob.ar\u00bb][vc_single_image image=\u00bb1393&#8243; img_size=\u00bb\u00bb alignment=\u00bbcenter\u00bb onclick=\u00bbcustom_link\u00bb img_link_target=\u00bb_blank\u00bb link=\u00bbhttps:\/\/link.mercadopago.com.ar\/vecinoswebs\u00bb][\/vc_column][\/vc_row][vc_row][vc_column]<div  class=\"jeg_postblock_23 jeg_postblock jeg_module_hook jeg_pagination_loadmore jeg_col_2o3 jnews_module__7_69f340fd69f77  jeg_pb_boxed jeg_pb_boxed_shadow  \" data-unique=\"jnews_module__7_69f340fd69f77\">\n                <div class=\"jeg_block_heading jeg_block_heading_9 jeg_subcat_right\">\n                    <h3 class=\"jeg_block_title\"><span>Noticias anteriores<\/span><\/h3>\n                    \n                <\/div>\n                <div class=\"jeg_block_container\">\n                \n                <div class=\"jeg_posts_wrap\">\n                <div class=\"jeg_posts jeg_load_more_flag\"> \n                    <article class=\"jeg_post jeg_pl_md_1 format-standard\">\n                <div class=\"jeg_thumb\">\n                    \n                    <a href=\"https:\/\/vecinosdelinterior.com\/index.php\/2026\/04\/23\/naschel-recibira-la-segunda-fecha-del-rally-provincial-con-un-operativo-de-seguridad-reforzado\/\"><div class=\"thumbnail-container animate-lazy  size-715 \"><img loading=\"lazy\" decoding=\"async\" width=\"350\" height=\"250\" src=\"https:\/\/vecinosdelinterior.com\/wp-content\/themes\/jnews\/assets\/img\/jeg-empty.png\" class=\"attachment-jnews-350x250 size-jnews-350x250 lazyload wp-post-image\" alt=\"Naschel recibir\u00e1 la segunda fecha del rally provincial con un operativo de seguridad reforzado\" sizes=\"(max-width: 350px) 100vw, 350px\" data-src=\"https:\/\/vecinosdelinterior.com\/wp-content\/uploads\/2026\/04\/23-4-2026-22-36-21-350x250.png\" data-srcset=\"https:\/\/vecinosdelinterior.com\/wp-content\/uploads\/2026\/04\/23-4-2026-22-36-21-350x250.png 350w, https:\/\/vecinosdelinterior.com\/wp-content\/uploads\/2026\/04\/23-4-2026-22-36-21-120x86.png 120w\" data-sizes=\"auto\" data-expand=\"700\" \/><\/div><\/a>\n                    <div class=\"jeg_post_category\">\n                        <span><a href=\"https:\/\/vecinosdelinterior.com\/index.php\/category\/chacabuco\/\" class=\"category-chacabuco\">CHACABUCO<\/a><\/span>\n                    <\/div>\n                <\/div>\n                <div class=\"jeg_postblock_content\">\n                    <h3 class=\"jeg_post_title\">\n                        <a href=\"https:\/\/vecinosdelinterior.com\/index.php\/2026\/04\/23\/naschel-recibira-la-segunda-fecha-del-rally-provincial-con-un-operativo-de-seguridad-reforzado\/\">Naschel recibir\u00e1 la segunda fecha del rally provincial con un operativo de seguridad reforzado<\/a>\n                    <\/h3>\n                    <div class=\"jeg_post_excerpt\">\n                        <p>VECINOSDELINTERIOR.COM \/ 23 DE ABRILLa competencia se correr\u00e1 este fin de semana con m\u00e1s de 30 autos y un exigente...<\/p>\n                    <\/div>\n                    <div class=\"jeg_post_meta\"><div class=\"jeg_meta_author\"><span class=\"by\">by<\/span> <a href=\"https:\/\/vecinosdelinterior.com\/index.php\/author\/vecinosdelinterior-com\/\">vecinosdelinterior.com<\/a><\/div><div class=\"jeg_meta_date\"><a href=\"https:\/\/vecinosdelinterior.com\/index.php\/2026\/04\/23\/naschel-recibira-la-segunda-fecha-del-rally-provincial-con-un-operativo-de-seguridad-reforzado\/\"><i class=\"fa fa-clock-o\"><\/i> 23 abril, 2026<\/a><\/div><\/div>\n                <\/div>\n            <\/article><article class=\"jeg_post jeg_pl_md_1 format-standard\">\n                <div class=\"jeg_thumb\">\n                    \n                    <a href=\"https:\/\/vecinosdelinterior.com\/index.php\/2026\/04\/22\/tilisarao-comenzo-la-diplomatura-universitaria-en-cuidado-de-personas-mayores\/\"><div class=\"thumbnail-container animate-lazy  size-715 \"><img loading=\"lazy\" decoding=\"async\" width=\"350\" height=\"250\" src=\"https:\/\/vecinosdelinterior.com\/wp-content\/themes\/jnews\/assets\/img\/jeg-empty.png\" class=\"attachment-jnews-350x250 size-jnews-350x250 lazyload wp-post-image\" alt=\"Tilisarao: comenz\u00f3 la Diplomatura Universitaria en Cuidado de Personas Mayores\" sizes=\"(max-width: 350px) 100vw, 350px\" data-src=\"https:\/\/vecinosdelinterior.com\/wp-content\/uploads\/2026\/04\/675885986_26404045129216315_611932283089908835_n-350x250.jpg\" data-srcset=\"https:\/\/vecinosdelinterior.com\/wp-content\/uploads\/2026\/04\/675885986_26404045129216315_611932283089908835_n-350x250.jpg 350w, https:\/\/vecinosdelinterior.com\/wp-content\/uploads\/2026\/04\/675885986_26404045129216315_611932283089908835_n-120x86.jpg 120w, https:\/\/vecinosdelinterior.com\/wp-content\/uploads\/2026\/04\/675885986_26404045129216315_611932283089908835_n-750x536.jpg 750w, https:\/\/vecinosdelinterior.com\/wp-content\/uploads\/2026\/04\/675885986_26404045129216315_611932283089908835_n-1140x815.jpg 1140w\" data-sizes=\"auto\" data-expand=\"700\" \/><\/div><\/a>\n                    <div class=\"jeg_post_category\">\n                        <span><a href=\"https:\/\/vecinosdelinterior.com\/index.php\/category\/chacabuco\/\" class=\"category-chacabuco\">CHACABUCO<\/a><\/span>\n                    <\/div>\n                <\/div>\n                <div class=\"jeg_postblock_content\">\n                    <h3 class=\"jeg_post_title\">\n                        <a href=\"https:\/\/vecinosdelinterior.com\/index.php\/2026\/04\/22\/tilisarao-comenzo-la-diplomatura-universitaria-en-cuidado-de-personas-mayores\/\">Tilisarao: comenz\u00f3 la Diplomatura Universitaria en Cuidado de Personas Mayores<\/a>\n                    <\/h3>\n                    <div class=\"jeg_post_excerpt\">\n                        <p>VECINOSDELINTERIOR.COM \/ 22 DE ABRILEste lunes se puso en marcha en Tilisarao la Diplomatura Universitaria en Cuidado de Personas Mayores,...<\/p>\n                    <\/div>\n                    <div class=\"jeg_post_meta\"><div class=\"jeg_meta_author\"><span class=\"by\">by<\/span> <a href=\"https:\/\/vecinosdelinterior.com\/index.php\/author\/vecinosdelinterior-com\/\">vecinosdelinterior.com<\/a><\/div><div class=\"jeg_meta_date\"><a href=\"https:\/\/vecinosdelinterior.com\/index.php\/2026\/04\/22\/tilisarao-comenzo-la-diplomatura-universitaria-en-cuidado-de-personas-mayores\/\"><i class=\"fa fa-clock-o\"><\/i> 22 abril, 2026<\/a><\/div><\/div>\n                <\/div>\n            <\/article><article class=\"jeg_post jeg_pl_md_1 format-standard\">\n                <div class=\"jeg_thumb\">\n                    \n                    <a href=\"https:\/\/vecinosdelinterior.com\/index.php\/2026\/04\/22\/piden-23-anos-de-prision-para-un-hombre-acusado-de-abusar-de-las-hijas-de-su-expareja-en-union\/\"><div class=\"thumbnail-container animate-lazy  size-715 \"><img loading=\"lazy\" decoding=\"async\" width=\"350\" height=\"250\" src=\"https:\/\/vecinosdelinterior.com\/wp-content\/themes\/jnews\/assets\/img\/jeg-empty.png\" class=\"attachment-jnews-350x250 size-jnews-350x250 lazyload wp-post-image\" alt=\"Piden 23 a\u00f1os de prisi\u00f3n para un hombre acusado de abusar de las hijas de su expareja en Uni\u00f3n\" sizes=\"(max-width: 350px) 100vw, 350px\" data-src=\"https:\/\/vecinosdelinterior.com\/wp-content\/uploads\/2026\/04\/23-350x250.webp\" data-srcset=\"https:\/\/vecinosdelinterior.com\/wp-content\/uploads\/2026\/04\/23-350x250.webp 350w, https:\/\/vecinosdelinterior.com\/wp-content\/uploads\/2026\/04\/23-120x86.webp 120w\" data-sizes=\"auto\" data-expand=\"700\" \/><\/div><\/a>\n                    <div class=\"jeg_post_category\">\n                        <span><a href=\"https:\/\/vecinosdelinterior.com\/index.php\/category\/dupuy\/\" class=\"category-dupuy\">DUPUY<\/a><\/span>\n                    <\/div>\n                <\/div>\n                <div class=\"jeg_postblock_content\">\n                    <h3 class=\"jeg_post_title\">\n                        <a href=\"https:\/\/vecinosdelinterior.com\/index.php\/2026\/04\/22\/piden-23-anos-de-prision-para-un-hombre-acusado-de-abusar-de-las-hijas-de-su-expareja-en-union\/\">Piden 23 a\u00f1os de prisi\u00f3n para un hombre acusado de abusar de las hijas de su expareja en Uni\u00f3n<\/a>\n                    <\/h3>\n                    <div class=\"jeg_post_excerpt\">\n                        <p>VECINOSDELINTERIOR.COM \/ 22 DE ABRILLa Fiscal\u00eda de Instrucci\u00f3n Penal con intervenci\u00f3n en contexto de G\u00e9nero solicit\u00f3 una condena de 23...<\/p>\n                    <\/div>\n                    <div class=\"jeg_post_meta\"><div class=\"jeg_meta_author\"><span class=\"by\">by<\/span> <a href=\"https:\/\/vecinosdelinterior.com\/index.php\/author\/vecinosdelinterior-com\/\">vecinosdelinterior.com<\/a><\/div><div class=\"jeg_meta_date\"><a href=\"https:\/\/vecinosdelinterior.com\/index.php\/2026\/04\/22\/piden-23-anos-de-prision-para-un-hombre-acusado-de-abusar-de-las-hijas-de-su-expareja-en-union\/\"><i class=\"fa fa-clock-o\"><\/i> 22 abril, 2026<\/a><\/div><\/div>\n                <\/div>\n            <\/article><article class=\"jeg_post jeg_pl_md_1 format-standard\">\n                <div class=\"jeg_thumb\">\n                    \n                    <a href=\"https:\/\/vecinosdelinterior.com\/index.php\/2026\/04\/22\/este-sabado-san-francisco-del-monte-de-oro-sera-sede-de-una-jornada-de-captacion-de-club-atletico-banfield\/\"><div class=\"thumbnail-container animate-lazy  size-715 \"><img loading=\"lazy\" decoding=\"async\" width=\"350\" height=\"250\" src=\"https:\/\/vecinosdelinterior.com\/wp-content\/themes\/jnews\/assets\/img\/jeg-empty.png\" class=\"attachment-jnews-350x250 size-jnews-350x250 lazyload wp-post-image\" alt=\"Este s\u00e1bado San Francisco del Monte de Oro ser\u00e1 sede de una jornada de captaci\u00f3n de Club Atl\u00e9tico Banfield\" sizes=\"(max-width: 350px) 100vw, 350px\" data-src=\"https:\/\/vecinosdelinterior.com\/wp-content\/uploads\/2026\/04\/671224218_17959640415114861_4291727658868589516_n-350x250.jpg\" data-srcset=\"https:\/\/vecinosdelinterior.com\/wp-content\/uploads\/2026\/04\/671224218_17959640415114861_4291727658868589516_n-350x250.jpg 350w, https:\/\/vecinosdelinterior.com\/wp-content\/uploads\/2026\/04\/671224218_17959640415114861_4291727658868589516_n-120x86.jpg 120w, https:\/\/vecinosdelinterior.com\/wp-content\/uploads\/2026\/04\/671224218_17959640415114861_4291727658868589516_n-750x536.jpg 750w, https:\/\/vecinosdelinterior.com\/wp-content\/uploads\/2026\/04\/671224218_17959640415114861_4291727658868589516_n-1140x815.jpg 1140w\" data-sizes=\"auto\" data-expand=\"700\" \/><\/div><\/a>\n                    <div class=\"jeg_post_category\">\n                        <span><a href=\"https:\/\/vecinosdelinterior.com\/index.php\/category\/ayacucho\/\" class=\"category-ayacucho\">AYACUCHO<\/a><\/span>\n                    <\/div>\n                <\/div>\n                <div class=\"jeg_postblock_content\">\n                    <h3 class=\"jeg_post_title\">\n                        <a href=\"https:\/\/vecinosdelinterior.com\/index.php\/2026\/04\/22\/este-sabado-san-francisco-del-monte-de-oro-sera-sede-de-una-jornada-de-captacion-de-club-atletico-banfield\/\">Este s\u00e1bado San Francisco del Monte de Oro ser\u00e1 sede de una jornada de captaci\u00f3n de Club Atl\u00e9tico Banfield<\/a>\n                    <\/h3>\n                    <div class=\"jeg_post_excerpt\">\n                        <p>VECINOSDELINTERIOR.COM \/ 22 DE ABRILEste s\u00e1bado 25 de abril, la localidad de San Francisco del Monte de Oro vivir\u00e1 una...<\/p>\n                    <\/div>\n                    <div class=\"jeg_post_meta\"><div class=\"jeg_meta_author\"><span class=\"by\">by<\/span> <a href=\"https:\/\/vecinosdelinterior.com\/index.php\/author\/vecinosdelinterior-com\/\">vecinosdelinterior.com<\/a><\/div><div class=\"jeg_meta_date\"><a href=\"https:\/\/vecinosdelinterior.com\/index.php\/2026\/04\/22\/este-sabado-san-francisco-del-monte-de-oro-sera-sede-de-una-jornada-de-captacion-de-club-atletico-banfield\/\"><i class=\"fa fa-clock-o\"><\/i> 22 abril, 2026<\/a><\/div><\/div>\n                <\/div>\n            <\/article><article class=\"jeg_post jeg_pl_md_1 format-standard\">\n                <div class=\"jeg_thumb\">\n                    \n                    <a href=\"https:\/\/vecinosdelinterior.com\/index.php\/2026\/04\/22\/buena-esperanza-acompanan-a-jovenes-en-la-inscripcion-al-programa-progresar\/\"><div class=\"thumbnail-container animate-lazy  size-715 \"><img loading=\"lazy\" decoding=\"async\" width=\"350\" height=\"250\" src=\"https:\/\/vecinosdelinterior.com\/wp-content\/themes\/jnews\/assets\/img\/jeg-empty.png\" class=\"attachment-jnews-350x250 size-jnews-350x250 lazyload wp-post-image\" alt=\"Buena Esperanza: acompa\u00f1an a j\u00f3venes en la inscripci\u00f3n al programa Progresar\" sizes=\"(max-width: 350px) 100vw, 350px\" data-src=\"https:\/\/vecinosdelinterior.com\/wp-content\/uploads\/2026\/04\/678378219_122262359456146161_7467634059549156227_n-350x250.jpg\" data-srcset=\"https:\/\/vecinosdelinterior.com\/wp-content\/uploads\/2026\/04\/678378219_122262359456146161_7467634059549156227_n-350x250.jpg 350w, https:\/\/vecinosdelinterior.com\/wp-content\/uploads\/2026\/04\/678378219_122262359456146161_7467634059549156227_n-120x86.jpg 120w, https:\/\/vecinosdelinterior.com\/wp-content\/uploads\/2026\/04\/678378219_122262359456146161_7467634059549156227_n-750x536.jpg 750w\" data-sizes=\"auto\" data-expand=\"700\" \/><\/div><\/a>\n                    <div class=\"jeg_post_category\">\n                        <span><a href=\"https:\/\/vecinosdelinterior.com\/index.php\/category\/dupuy\/buena-esperanza-dupuy\/\" class=\"category-buena-esperanza-dupuy\">BUENA ESPERANZA<\/a><\/span>\n                    <\/div>\n                <\/div>\n                <div class=\"jeg_postblock_content\">\n                    <h3 class=\"jeg_post_title\">\n                        <a href=\"https:\/\/vecinosdelinterior.com\/index.php\/2026\/04\/22\/buena-esperanza-acompanan-a-jovenes-en-la-inscripcion-al-programa-progresar\/\">Buena Esperanza: acompa\u00f1an a j\u00f3venes en la inscripci\u00f3n al programa Progresar<\/a>\n                    <\/h3>\n                    <div class=\"jeg_post_excerpt\">\n                        <p>VECINOSDELINTERIOR.COM \/ 22 DE ABRILLa Municipalidad de Buena Esperanza lanz\u00f3 una convocatoria destinada a j\u00f3venes mayores de 16 a\u00f1os que...<\/p>\n                    <\/div>\n                    <div class=\"jeg_post_meta\"><div class=\"jeg_meta_author\"><span class=\"by\">by<\/span> <a href=\"https:\/\/vecinosdelinterior.com\/index.php\/author\/vecinosdelinterior-com\/\">vecinosdelinterior.com<\/a><\/div><div class=\"jeg_meta_date\"><a href=\"https:\/\/vecinosdelinterior.com\/index.php\/2026\/04\/22\/buena-esperanza-acompanan-a-jovenes-en-la-inscripcion-al-programa-progresar\/\"><i class=\"fa fa-clock-o\"><\/i> 24 abril, 2026<\/a><\/div><\/div>\n                <\/div>\n            <\/article><article class=\"jeg_post jeg_pl_md_1 format-standard\">\n                <div class=\"jeg_thumb\">\n                    \n                    <a href=\"https:\/\/vecinosdelinterior.com\/index.php\/2026\/04\/22\/cronograma-de-vuelos-del-aeropuerto-del-valle-del-conlara-para-el-mes-de-mayo\/\"><div class=\"thumbnail-container animate-lazy  size-715 \"><img loading=\"lazy\" decoding=\"async\" width=\"350\" height=\"250\" src=\"https:\/\/vecinosdelinterior.com\/wp-content\/themes\/jnews\/assets\/img\/jeg-empty.png\" class=\"attachment-jnews-350x250 size-jnews-350x250 lazyload wp-post-image\" alt=\"Cronograma de vuelos del Aeropuerto del Valle del Conlara para el mes de mayo\" sizes=\"(max-width: 350px) 100vw, 350px\" data-src=\"https:\/\/vecinosdelinterior.com\/wp-content\/uploads\/2026\/04\/Vuela-Lade-500x412-1-350x250.jpeg\" data-srcset=\"https:\/\/vecinosdelinterior.com\/wp-content\/uploads\/2026\/04\/Vuela-Lade-500x412-1-350x250.jpeg 350w, https:\/\/vecinosdelinterior.com\/wp-content\/uploads\/2026\/04\/Vuela-Lade-500x412-1-120x86.jpeg 120w\" data-sizes=\"auto\" data-expand=\"700\" \/><\/div><\/a>\n                    <div class=\"jeg_post_category\">\n                        <span><a href=\"https:\/\/vecinosdelinterior.com\/index.php\/category\/junin\/\" class=\"category-junin\">JUNIN<\/a><\/span>\n                    <\/div>\n                <\/div>\n                <div class=\"jeg_postblock_content\">\n                    <h3 class=\"jeg_post_title\">\n                        <a href=\"https:\/\/vecinosdelinterior.com\/index.php\/2026\/04\/22\/cronograma-de-vuelos-del-aeropuerto-del-valle-del-conlara-para-el-mes-de-mayo\/\">Cronograma de vuelos del Aeropuerto del Valle del Conlara para el mes de mayo<\/a>\n                    <\/h3>\n                    <div class=\"jeg_post_excerpt\">\n                        <p>VECINOSDELINTERIOR.COM \/ 22 DE ABRILEl Gobierno provincial dio a conocer el cronograma de vuelos de Aerol\u00edneas Argentinas, consolidando la conectividad...<\/p>\n                    <\/div>\n                    <div class=\"jeg_post_meta\"><div class=\"jeg_meta_author\"><span class=\"by\">by<\/span> <a href=\"https:\/\/vecinosdelinterior.com\/index.php\/author\/vecinosdelinterior-com\/\">vecinosdelinterior.com<\/a><\/div><div class=\"jeg_meta_date\"><a href=\"https:\/\/vecinosdelinterior.com\/index.php\/2026\/04\/22\/cronograma-de-vuelos-del-aeropuerto-del-valle-del-conlara-para-el-mes-de-mayo\/\"><i class=\"fa fa-clock-o\"><\/i> 22 abril, 2026<\/a><\/div><\/div>\n                <\/div>\n            <\/article>\n                <\/div>\n            <\/div>\n                <div class='module-overlay'>\n                <div class='preloader_type preloader_dot'>\n                    <div class=\"module-preloader jeg_preloader dot\">\n                        <span><\/span><span><\/span><span><\/span>\n                    <\/div>\n                    <div class=\"module-preloader jeg_preloader circle\">\n                        <div class=\"jnews_preloader_circle_outer\">\n                            <div class=\"jnews_preloader_circle_inner\"><\/div>\n                        <\/div>\n                    <\/div>\n                    <div class=\"module-preloader jeg_preloader square\">\n                        <div class=\"jeg_square\"><div class=\"jeg_square_inner\"><\/div><\/div>\n                    <\/div>\n                <\/div>\n            <\/div>\n            <\/div>\n            <div class=\"jeg_block_navigation\">\n                <div class='navigation_overlay'><div class='module-preloader jeg_preloader'><span><\/span><span><\/span><span><\/span><\/div><\/div>\n                <div class=\"jeg_block_loadmore \">\n                    <a href=\"#\" class='' data-load='Load More' data-loading='Loading...'> Load More<\/a>\n                <\/div>\n                \n            <\/div>\n                <style scoped>.jnews_module__7_69f340fd69f77 .jeg_block_heading_9 { border-color: #3d348b; }<\/style>\n                <script>var jnews_module__7_69f340fd69f77 = {\"header_icon\":\"\",\"first_title\":\"Noticias anteriores\",\"second_title\":\"\",\"url\":\"\",\"header_type\":\"heading_9\",\"header_background\":\"\",\"header_secondary_background\":\"\",\"header_text_color\":\"\",\"header_line_color\":\"#3d348b\",\"header_accent_color\":\"\",\"header_filter_category\":\"\",\"header_filter_author\":\"\",\"header_filter_tag\":\"\",\"header_filter_text\":\"All\",\"post_type\":\"post\",\"content_type\":\"all\",\"number_post\":\"6\",\"post_offset\":\"15\",\"unique_content\":\"disable\",\"include_post\":\"\",\"exclude_post\":\"\",\"include_category\":\"\",\"exclude_category\":\"\",\"include_author\":\"\",\"include_tag\":\"\",\"exclude_tag\":\"\",\"sort_by\":\"latest\",\"date_format\":\"default\",\"date_format_custom\":\"Y\\\/m\\\/d\",\"excerpt_length\":\"20\",\"excerpt_ellipsis\":\"...\",\"force_normal_image_load\":\"\",\"pagination_mode\":\"loadmore\",\"pagination_nextprev_showtext\":\"\",\"pagination_number_post\":\"3\",\"pagination_scroll_limit\":0,\"boxed\":\"true\",\"boxed_shadow\":\"true\",\"el_id\":\"\",\"el_class\":\"\",\"scheme\":\"\",\"column_width\":\"auto\",\"title_color\":\"\",\"accent_color\":\"\",\"alt_color\":\"\",\"excerpt_color\":\"\",\"css\":\"\",\"compatible_column_notice\":\"\",\"paged\":1,\"column_class\":\"jeg_col_2o3\",\"class\":\"jnews_block_23\"};<\/script>\n            <\/div>[\/vc_column][\/vc_row][vc_row][vc_column width=\u00bb1\/3&#8243;]<div  class=\"jeg_postblock_19 jeg_postblock jeg_module_hook jeg_pagination_disable jeg_col_1o3 jnews_module__8_69f340fd6c4ff vc_custom_1693146446099 jeg_pb_boxed jeg_pb_boxed_shadow  \" data-unique=\"jnews_module__8_69f340fd6c4ff\">\n                <div class=\"jeg_block_heading jeg_block_heading_9 jeg_subcat_right\">\n                    <h3 class=\"jeg_block_title\"><span>Turismo<\/span><\/h3>\n                    \n                <\/div>\n                <div class=\"jeg_block_container\">\n                \n                <div class=\"jeg_posts\">\n                <article class=\"jeg_post jeg_pl_md_box format-standard\">\n                <div class=\"box_wrap\">\n                    <div class=\"jeg_thumb\">\n                        \n                        <a href=\"https:\/\/vecinosdelinterior.com\/index.php\/2026\/02\/17\/una-fiesta-con-identidad-propia-en-tilisarao\/\"><div class=\"thumbnail-container animate-lazy  size-715 \"><img loading=\"lazy\" decoding=\"async\" width=\"350\" height=\"250\" src=\"https:\/\/vecinosdelinterior.com\/wp-content\/themes\/jnews\/assets\/img\/jeg-empty.png\" class=\"attachment-jnews-350x250 size-jnews-350x250 lazyload wp-post-image\" alt=\"Una fiesta con identidad propia en Tilisarao\" sizes=\"(max-width: 350px) 100vw, 350px\" data-src=\"https:\/\/vecinosdelinterior.com\/wp-content\/uploads\/2026\/02\/638327444_25753993584221476_6033748137588975553_n-350x250.jpg\" data-srcset=\"https:\/\/vecinosdelinterior.com\/wp-content\/uploads\/2026\/02\/638327444_25753993584221476_6033748137588975553_n-350x250.jpg 350w, https:\/\/vecinosdelinterior.com\/wp-content\/uploads\/2026\/02\/638327444_25753993584221476_6033748137588975553_n-120x86.jpg 120w, https:\/\/vecinosdelinterior.com\/wp-content\/uploads\/2026\/02\/638327444_25753993584221476_6033748137588975553_n-750x536.jpg 750w\" data-sizes=\"auto\" data-expand=\"700\" \/><\/div><\/a>\n                    <\/div>\n                    <div class=\"jeg_postblock_content\">\n                        <h3 class=\"jeg_post_title\">\n                            <a href=\"https:\/\/vecinosdelinterior.com\/index.php\/2026\/02\/17\/una-fiesta-con-identidad-propia-en-tilisarao\/\">Una fiesta con identidad propia en Tilisarao<\/a>\n                        <\/h3>\n                        <div class=\"jeg_post_meta\"><div class=\"jeg_meta_date\"><a href=\"https:\/\/vecinosdelinterior.com\/index.php\/2026\/02\/17\/una-fiesta-con-identidad-propia-en-tilisarao\/\" ><i class=\"fa fa-clock-o\"><\/i> 18 febrero, 2026<\/a><\/div><\/div>\n                    <\/div>\n                <\/div>\n            <\/article>\n                <div class=\"jeg_postsmall jeg_load_more_flag\">\n                    <article class=\"jeg_post jeg_pl_sm format-standard\">\n                <div class=\"jeg_thumb\">\n                    \n                    <a href=\"https:\/\/vecinosdelinterior.com\/index.php\/2026\/01\/30\/todos-los-festivales-de-este-viernes-30-y-sabado-31-y-domingo-01-de-febrero\/\"><div class=\"thumbnail-container animate-lazy  size-715 \"><img loading=\"lazy\" decoding=\"async\" width=\"120\" height=\"86\" src=\"https:\/\/vecinosdelinterior.com\/wp-content\/themes\/jnews\/assets\/img\/jeg-empty.png\" class=\"attachment-jnews-120x86 size-jnews-120x86 lazyload wp-post-image\" alt=\"Todos los festivales de este viernes 30 y s\u00e1bado 31 y domingo 01 de febrero\" sizes=\"(max-width: 120px) 100vw, 120px\" data-src=\"https:\/\/vecinosdelinterior.com\/wp-content\/uploads\/2026\/01\/625149067_18380929546158315_4847885775767758130_n-120x86.jpg\" data-srcset=\"https:\/\/vecinosdelinterior.com\/wp-content\/uploads\/2026\/01\/625149067_18380929546158315_4847885775767758130_n-120x86.jpg 120w, https:\/\/vecinosdelinterior.com\/wp-content\/uploads\/2026\/01\/625149067_18380929546158315_4847885775767758130_n-350x250.jpg 350w, https:\/\/vecinosdelinterior.com\/wp-content\/uploads\/2026\/01\/625149067_18380929546158315_4847885775767758130_n-750x536.jpg 750w\" data-sizes=\"auto\" data-expand=\"700\" \/><\/div><\/a>\n                <\/div>\n                <div class=\"jeg_postblock_content\">\n                    <h3 class=\"jeg_post_title\">\n                        <a href=\"https:\/\/vecinosdelinterior.com\/index.php\/2026\/01\/30\/todos-los-festivales-de-este-viernes-30-y-sabado-31-y-domingo-01-de-febrero\/\">Todos los festivales de este viernes 30 y s\u00e1bado 31 y domingo 01 de febrero<\/a>\n                    <\/h3>\n                    <div class=\"jeg_post_meta\"><div class=\"jeg_meta_date\"><a href=\"https:\/\/vecinosdelinterior.com\/index.php\/2026\/01\/30\/todos-los-festivales-de-este-viernes-30-y-sabado-31-y-domingo-01-de-febrero\/\" ><i class=\"fa fa-clock-o\"><\/i> 30 enero, 2026<\/a><\/div><\/div>\n                <\/div>\n            <\/article><article class=\"jeg_post jeg_pl_sm format-standard\">\n                <div class=\"jeg_thumb\">\n                    \n                    <a href=\"https:\/\/vecinosdelinterior.com\/index.php\/2025\/11\/04\/con-fondos-municipales-buena-esperanza-celebra-su-47a-fiesta-provincial-de-la-tradicion\/\"><div class=\"thumbnail-container animate-lazy  size-715 \"><img loading=\"lazy\" decoding=\"async\" width=\"120\" height=\"86\" src=\"https:\/\/vecinosdelinterior.com\/wp-content\/themes\/jnews\/assets\/img\/jeg-empty.png\" class=\"attachment-jnews-120x86 size-jnews-120x86 lazyload wp-post-image\" alt=\"Con fondos municipales, Buena Esperanza celebra su 47\u00aa Fiesta Provincial de la Tradici\u00f3n\" sizes=\"(max-width: 120px) 100vw, 120px\" data-src=\"https:\/\/vecinosdelinterior.com\/wp-content\/uploads\/2025\/11\/WhatsApp-Image-2025-11-04-at-1.46.45-PM-3-120x86.jpeg\" data-srcset=\"https:\/\/vecinosdelinterior.com\/wp-content\/uploads\/2025\/11\/WhatsApp-Image-2025-11-04-at-1.46.45-PM-3-120x86.jpeg 120w, https:\/\/vecinosdelinterior.com\/wp-content\/uploads\/2025\/11\/WhatsApp-Image-2025-11-04-at-1.46.45-PM-3-350x250.jpeg 350w, https:\/\/vecinosdelinterior.com\/wp-content\/uploads\/2025\/11\/WhatsApp-Image-2025-11-04-at-1.46.45-PM-3-750x536.jpeg 750w\" data-sizes=\"auto\" data-expand=\"700\" \/><\/div><\/a>\n                <\/div>\n                <div class=\"jeg_postblock_content\">\n                    <h3 class=\"jeg_post_title\">\n                        <a href=\"https:\/\/vecinosdelinterior.com\/index.php\/2025\/11\/04\/con-fondos-municipales-buena-esperanza-celebra-su-47a-fiesta-provincial-de-la-tradicion\/\">Con fondos municipales, Buena Esperanza celebra su 47\u00aa Fiesta Provincial de la Tradici\u00f3n<\/a>\n                    <\/h3>\n                    <div class=\"jeg_post_meta\"><div class=\"jeg_meta_date\"><a href=\"https:\/\/vecinosdelinterior.com\/index.php\/2025\/11\/04\/con-fondos-municipales-buena-esperanza-celebra-su-47a-fiesta-provincial-de-la-tradicion\/\" ><i class=\"fa fa-clock-o\"><\/i> 5 noviembre, 2025<\/a><\/div><\/div>\n                <\/div>\n            <\/article>\n                <\/div>\n            <\/div>\n                <div class='module-overlay'>\n                <div class='preloader_type preloader_dot'>\n                    <div class=\"module-preloader jeg_preloader dot\">\n                        <span><\/span><span><\/span><span><\/span>\n                    <\/div>\n                    <div class=\"module-preloader jeg_preloader circle\">\n                        <div class=\"jnews_preloader_circle_outer\">\n                            <div class=\"jnews_preloader_circle_inner\"><\/div>\n                        <\/div>\n                    <\/div>\n                    <div class=\"module-preloader jeg_preloader square\">\n                        <div class=\"jeg_square\"><div class=\"jeg_square_inner\"><\/div><\/div>\n                    <\/div>\n                <\/div>\n            <\/div>\n            <\/div>\n            <div class=\"jeg_block_navigation\">\n                <div class='navigation_overlay'><div class='module-preloader jeg_preloader'><span><\/span><span><\/span><span><\/span><\/div><\/div>\n                \n                \n            <\/div>\n                <style scoped>.jnews_module__8_69f340fd6c4ff .jeg_block_heading_9 { border-color: #3d348b; }<\/style>\n                <script>var jnews_module__8_69f340fd6c4ff = {\"header_icon\":\"\",\"first_title\":\"Turismo\",\"second_title\":\"\",\"url\":\"\",\"header_type\":\"heading_9\",\"header_background\":\"\",\"header_secondary_background\":\"\",\"header_text_color\":\"\",\"header_line_color\":\"#3d348b\",\"header_accent_color\":\"\",\"header_filter_category\":\"\",\"header_filter_author\":\"\",\"header_filter_tag\":\"\",\"header_filter_text\":\"All\",\"post_type\":\"post\",\"content_type\":\"all\",\"number_post\":\"3\",\"post_offset\":\"0\",\"unique_content\":\"disable\",\"include_post\":\"\",\"exclude_post\":\"\",\"include_category\":\"\",\"exclude_category\":\"\",\"include_author\":\"\",\"include_tag\":\"175\",\"exclude_tag\":\"\",\"sort_by\":\"latest\",\"date_format\":\"default\",\"date_format_custom\":\"Y\\\/m\\\/d\",\"force_normal_image_load\":\"\",\"pagination_mode\":\"disable\",\"pagination_nextprev_showtext\":\"\",\"pagination_number_post\":6,\"pagination_scroll_limit\":0,\"boxed\":\"true\",\"boxed_shadow\":\"true\",\"el_id\":\"\",\"el_class\":\"\",\"scheme\":\"\",\"column_width\":\"4\",\"title_color\":\"\",\"accent_color\":\"\",\"alt_color\":\"\",\"excerpt_color\":\"\",\"css\":\".vc_custom_1693146446099{background-color: #ffffff !important;}\",\"compatible_column_notice\":\"\",\"paged\":1,\"column_class\":\"jeg_col_1o3\",\"class\":\"jnews_block_19\"};<\/script>\n            <\/div>[\/vc_column][vc_column width=\u00bb1\/3&#8243;]<div  class=\"jeg_postblock_19 jeg_postblock jeg_module_hook jeg_pagination_disable jeg_col_1o3 jnews_module__9_69f340fd6d7e1  jeg_pb_boxed jeg_pb_boxed_shadow  \" data-unique=\"jnews_module__9_69f340fd6d7e1\">\n                <div class=\"jeg_block_heading jeg_block_heading_9 jeg_subcat_right\">\n                    <h3 class=\"jeg_block_title\"><span>Medioambiente<\/span><\/h3>\n                    \n                <\/div>\n                <div class=\"jeg_block_container\">\n                \n                <div class=\"jeg_posts\">\n                <article class=\"jeg_post jeg_pl_md_box format-standard\">\n                <div class=\"box_wrap\">\n                    <div class=\"jeg_thumb\">\n                        \n                        <a href=\"https:\/\/vecinosdelinterior.com\/index.php\/2026\/02\/27\/concaran-sigue-apostando-a-forestar\/\"><div class=\"thumbnail-container animate-lazy  size-715 \"><img loading=\"lazy\" decoding=\"async\" width=\"350\" height=\"250\" src=\"https:\/\/vecinosdelinterior.com\/wp-content\/themes\/jnews\/assets\/img\/jeg-empty.png\" class=\"attachment-jnews-350x250 size-jnews-350x250 lazyload wp-post-image\" alt=\"Concar\u00e1n sigue apostando a forestar\" sizes=\"(max-width: 350px) 100vw, 350px\" data-src=\"https:\/\/vecinosdelinterior.com\/wp-content\/uploads\/2026\/02\/SAFDFG-350x250.jpg\" data-srcset=\"https:\/\/vecinosdelinterior.com\/wp-content\/uploads\/2026\/02\/SAFDFG-350x250.jpg 350w, https:\/\/vecinosdelinterior.com\/wp-content\/uploads\/2026\/02\/SAFDFG-120x86.jpg 120w, https:\/\/vecinosdelinterior.com\/wp-content\/uploads\/2026\/02\/SAFDFG-750x536.jpg 750w, https:\/\/vecinosdelinterior.com\/wp-content\/uploads\/2026\/02\/SAFDFG-1140x815.jpg 1140w\" data-sizes=\"auto\" data-expand=\"700\" \/><\/div><\/a>\n                    <\/div>\n                    <div class=\"jeg_postblock_content\">\n                        <h3 class=\"jeg_post_title\">\n                            <a href=\"https:\/\/vecinosdelinterior.com\/index.php\/2026\/02\/27\/concaran-sigue-apostando-a-forestar\/\">Concar\u00e1n sigue apostando a forestar<\/a>\n                        <\/h3>\n                        <div class=\"jeg_post_meta\"><div class=\"jeg_meta_date\"><a href=\"https:\/\/vecinosdelinterior.com\/index.php\/2026\/02\/27\/concaran-sigue-apostando-a-forestar\/\" ><i class=\"fa fa-clock-o\"><\/i> 27 febrero, 2026<\/a><\/div><\/div>\n                    <\/div>\n                <\/div>\n            <\/article>\n                <div class=\"jeg_postsmall jeg_load_more_flag\">\n                    <article class=\"jeg_post jeg_pl_sm format-standard\">\n                <div class=\"jeg_thumb\">\n                    \n                    <a href=\"https:\/\/vecinosdelinterior.com\/index.php\/2026\/01\/22\/contuvieron-un-incendio-de-grandes-proporciones-en-la-zona-cercana-a-villa-larca-y-concaran\/\"><div class=\"thumbnail-container animate-lazy  size-715 \"><img loading=\"lazy\" decoding=\"async\" width=\"120\" height=\"86\" src=\"https:\/\/vecinosdelinterior.com\/wp-content\/themes\/jnews\/assets\/img\/jeg-empty.png\" class=\"attachment-jnews-120x86 size-jnews-120x86 lazyload wp-post-image\" alt=\"Contuvieron un incendio de grandes proporciones en la zona cercana a Villa Larca y Concar\u00e1n\" data-src=\"https:\/\/vecinosdelinterior.com\/wp-content\/uploads\/2026\/01\/22-1-2026-23-02-01-120x86.png\" data-srcset=\"\" data-sizes=\"auto\" data-expand=\"700\" \/><\/div><\/a>\n                <\/div>\n                <div class=\"jeg_postblock_content\">\n                    <h3 class=\"jeg_post_title\">\n                        <a href=\"https:\/\/vecinosdelinterior.com\/index.php\/2026\/01\/22\/contuvieron-un-incendio-de-grandes-proporciones-en-la-zona-cercana-a-villa-larca-y-concaran\/\">Contuvieron un incendio de grandes proporciones en la zona cercana a Villa Larca y Concar\u00e1n<\/a>\n                    <\/h3>\n                    <div class=\"jeg_post_meta\"><div class=\"jeg_meta_date\"><a href=\"https:\/\/vecinosdelinterior.com\/index.php\/2026\/01\/22\/contuvieron-un-incendio-de-grandes-proporciones-en-la-zona-cercana-a-villa-larca-y-concaran\/\" ><i class=\"fa fa-clock-o\"><\/i> 22 enero, 2026<\/a><\/div><\/div>\n                <\/div>\n            <\/article><article class=\"jeg_post jeg_pl_sm format-standard\">\n                <div class=\"jeg_thumb\">\n                    \n                    <a href=\"https:\/\/vecinosdelinterior.com\/index.php\/2025\/12\/29\/vecinos-indignados-por-aguas-servidas-que-son-arrojadas-al-rio-conlara-provenientes-del-frigorifico-matadero-municipal-de-concaran\/\"><div class=\"thumbnail-container animate-lazy  size-715 \"><img loading=\"lazy\" decoding=\"async\" width=\"120\" height=\"86\" src=\"https:\/\/vecinosdelinterior.com\/wp-content\/themes\/jnews\/assets\/img\/jeg-empty.png\" class=\"attachment-jnews-120x86 size-jnews-120x86 lazyload wp-post-image\" alt=\"Vecinos indignados por aguas servidas que son arrojadas al R\u00edo Conlara provenientes del frigor\u00edfico-matadero municipal de Concar\u00e1n\" sizes=\"(max-width: 120px) 100vw, 120px\" data-src=\"https:\/\/vecinosdelinterior.com\/wp-content\/uploads\/2025\/12\/606409293_3102747919895059_3469260071066255120_n-120x86.jpg\" data-srcset=\"https:\/\/vecinosdelinterior.com\/wp-content\/uploads\/2025\/12\/606409293_3102747919895059_3469260071066255120_n-120x86.jpg 120w, https:\/\/vecinosdelinterior.com\/wp-content\/uploads\/2025\/12\/606409293_3102747919895059_3469260071066255120_n-350x250.jpg 350w\" data-sizes=\"auto\" data-expand=\"700\" \/><\/div><\/a>\n                <\/div>\n                <div class=\"jeg_postblock_content\">\n                    <h3 class=\"jeg_post_title\">\n                        <a href=\"https:\/\/vecinosdelinterior.com\/index.php\/2025\/12\/29\/vecinos-indignados-por-aguas-servidas-que-son-arrojadas-al-rio-conlara-provenientes-del-frigorifico-matadero-municipal-de-concaran\/\">Vecinos indignados por aguas servidas que son arrojadas al R\u00edo Conlara provenientes del frigor\u00edfico-matadero municipal de Concar\u00e1n<\/a>\n                    <\/h3>\n                    <div class=\"jeg_post_meta\"><div class=\"jeg_meta_date\"><a href=\"https:\/\/vecinosdelinterior.com\/index.php\/2025\/12\/29\/vecinos-indignados-por-aguas-servidas-que-son-arrojadas-al-rio-conlara-provenientes-del-frigorifico-matadero-municipal-de-concaran\/\" ><i class=\"fa fa-clock-o\"><\/i> 29 diciembre, 2025<\/a><\/div><\/div>\n                <\/div>\n            <\/article>\n                <\/div>\n            <\/div>\n                <div class='module-overlay'>\n                <div class='preloader_type preloader_dot'>\n                    <div class=\"module-preloader jeg_preloader dot\">\n                        <span><\/span><span><\/span><span><\/span>\n                    <\/div>\n                    <div class=\"module-preloader jeg_preloader circle\">\n                        <div class=\"jnews_preloader_circle_outer\">\n                            <div class=\"jnews_preloader_circle_inner\"><\/div>\n                        <\/div>\n                    <\/div>\n                    <div class=\"module-preloader jeg_preloader square\">\n                        <div class=\"jeg_square\"><div class=\"jeg_square_inner\"><\/div><\/div>\n                    <\/div>\n                <\/div>\n            <\/div>\n            <\/div>\n            <div class=\"jeg_block_navigation\">\n                <div class='navigation_overlay'><div class='module-preloader jeg_preloader'><span><\/span><span><\/span><span><\/span><\/div><\/div>\n                \n                \n            <\/div>\n                <style scoped>.jnews_module__9_69f340fd6d7e1 .jeg_block_heading_9 { border-color: #3d348b; }<\/style>\n                <script>var jnews_module__9_69f340fd6d7e1 = {\"header_icon\":\"\",\"first_title\":\"Medioambiente\",\"second_title\":\"\",\"url\":\"\",\"header_type\":\"heading_9\",\"header_background\":\"\",\"header_secondary_background\":\"\",\"header_text_color\":\"\",\"header_line_color\":\"#3d348b\",\"header_accent_color\":\"\",\"header_filter_category\":\"\",\"header_filter_author\":\"\",\"header_filter_tag\":\"\",\"header_filter_text\":\"All\",\"post_type\":\"post\",\"content_type\":\"all\",\"number_post\":\"3\",\"post_offset\":\"0\",\"unique_content\":\"disable\",\"include_post\":\"\",\"exclude_post\":\"376\",\"include_category\":\"\",\"exclude_category\":\"\",\"include_author\":\"\",\"include_tag\":\"176\",\"exclude_tag\":\"\",\"sort_by\":\"latest\",\"date_format\":\"default\",\"date_format_custom\":\"Y\\\/m\\\/d\",\"force_normal_image_load\":\"\",\"pagination_mode\":\"disable\",\"pagination_nextprev_showtext\":\"\",\"pagination_number_post\":6,\"pagination_scroll_limit\":0,\"boxed\":\"true\",\"boxed_shadow\":\"true\",\"el_id\":\"\",\"el_class\":\"\",\"scheme\":\"\",\"column_width\":\"4\",\"title_color\":\"\",\"accent_color\":\"\",\"alt_color\":\"\",\"excerpt_color\":\"\",\"css\":\"\",\"compatible_column_notice\":\"\",\"paged\":1,\"column_class\":\"jeg_col_1o3\",\"class\":\"jnews_block_19\"};<\/script>\n            <\/div>[\/vc_column][vc_column width=\u00bb1\/3&#8243;]<div  class=\"jeg_postblock_19 jeg_postblock jeg_module_hook jeg_pagination_disable jeg_col_1o3 jnews_module__10_69f340fd6ec04  jeg_pb_boxed jeg_pb_boxed_shadow  \" data-unique=\"jnews_module__10_69f340fd6ec04\">\n                <div class=\"jeg_block_heading jeg_block_heading_9 jeg_subcat_right\">\n                    <h3 class=\"jeg_block_title\"><span>Upro<\/span><\/h3>\n                    \n                <\/div>\n                <div class=\"jeg_block_container\">\n                \n                <div class=\"jeg_posts\">\n                <article class=\"jeg_post jeg_pl_md_box format-standard\">\n                <div class=\"box_wrap\">\n                    <div class=\"jeg_thumb\">\n                        \n                        <a href=\"https:\/\/vecinosdelinterior.com\/index.php\/2025\/01\/29\/la-upro-extiende-las-inscripciones-hasta-el-7-de-febrero\/\"><div class=\"thumbnail-container animate-lazy  size-715 \"><img loading=\"lazy\" decoding=\"async\" width=\"350\" height=\"250\" src=\"https:\/\/vecinosdelinterior.com\/wp-content\/themes\/jnews\/assets\/img\/jeg-empty.png\" class=\"attachment-jnews-350x250 size-jnews-350x250 lazyload wp-post-image\" alt=\"La UPrO extiende las inscripciones hasta el 7 de febrero\" sizes=\"(max-width: 350px) 100vw, 350px\" data-src=\"https:\/\/vecinosdelinterior.com\/wp-content\/uploads\/2025\/01\/DSC_0244-500x412-1-350x250.jpg\" data-srcset=\"https:\/\/vecinosdelinterior.com\/wp-content\/uploads\/2025\/01\/DSC_0244-500x412-1-350x250.jpg 350w, https:\/\/vecinosdelinterior.com\/wp-content\/uploads\/2025\/01\/DSC_0244-500x412-1-120x86.jpg 120w\" data-sizes=\"auto\" data-expand=\"700\" \/><\/div><\/a>\n                    <\/div>\n                    <div class=\"jeg_postblock_content\">\n                        <h3 class=\"jeg_post_title\">\n                            <a href=\"https:\/\/vecinosdelinterior.com\/index.php\/2025\/01\/29\/la-upro-extiende-las-inscripciones-hasta-el-7-de-febrero\/\">La UPrO extiende las inscripciones hasta el 7 de febrero<\/a>\n                        <\/h3>\n                        <div class=\"jeg_post_meta\"><div class=\"jeg_meta_date\"><a href=\"https:\/\/vecinosdelinterior.com\/index.php\/2025\/01\/29\/la-upro-extiende-las-inscripciones-hasta-el-7-de-febrero\/\" ><i class=\"fa fa-clock-o\"><\/i> 29 enero, 2025<\/a><\/div><\/div>\n                    <\/div>\n                <\/div>\n            <\/article>\n                <div class=\"jeg_postsmall jeg_load_more_flag\">\n                    <article class=\"jeg_post jeg_pl_sm format-standard\">\n                <div class=\"jeg_thumb\">\n                    \n                    <a href=\"https:\/\/vecinosdelinterior.com\/index.php\/2024\/11\/02\/la-upro-de-buena-esperanza-tiene-46-nuevos-egresados\/\"><div class=\"thumbnail-container animate-lazy  size-715 \"><img loading=\"lazy\" decoding=\"async\" width=\"120\" height=\"86\" src=\"https:\/\/vecinosdelinterior.com\/wp-content\/themes\/jnews\/assets\/img\/jeg-empty.png\" class=\"attachment-jnews-120x86 size-jnews-120x86 lazyload wp-post-image\" alt=\"La UPrO de Buena Esperanza tiene 46 nuevos egresados\" sizes=\"(max-width: 120px) 100vw, 120px\" data-src=\"https:\/\/vecinosdelinterior.com\/wp-content\/uploads\/2024\/11\/WhatsApp-Image-2024-11-01-at-16.42.12-2048x1365-1-120x86.jpeg\" data-srcset=\"https:\/\/vecinosdelinterior.com\/wp-content\/uploads\/2024\/11\/WhatsApp-Image-2024-11-01-at-16.42.12-2048x1365-1-120x86.jpeg 120w, https:\/\/vecinosdelinterior.com\/wp-content\/uploads\/2024\/11\/WhatsApp-Image-2024-11-01-at-16.42.12-2048x1365-1-350x250.jpeg 350w, https:\/\/vecinosdelinterior.com\/wp-content\/uploads\/2024\/11\/WhatsApp-Image-2024-11-01-at-16.42.12-2048x1365-1-750x536.jpeg 750w, https:\/\/vecinosdelinterior.com\/wp-content\/uploads\/2024\/11\/WhatsApp-Image-2024-11-01-at-16.42.12-2048x1365-1-1140x815.jpeg 1140w\" data-sizes=\"auto\" data-expand=\"700\" \/><\/div><\/a>\n                <\/div>\n                <div class=\"jeg_postblock_content\">\n                    <h3 class=\"jeg_post_title\">\n                        <a href=\"https:\/\/vecinosdelinterior.com\/index.php\/2024\/11\/02\/la-upro-de-buena-esperanza-tiene-46-nuevos-egresados\/\">La UPrO de Buena Esperanza tiene 46 nuevos egresados<\/a>\n                    <\/h3>\n                    <div class=\"jeg_post_meta\"><div class=\"jeg_meta_date\"><a href=\"https:\/\/vecinosdelinterior.com\/index.php\/2024\/11\/02\/la-upro-de-buena-esperanza-tiene-46-nuevos-egresados\/\" ><i class=\"fa fa-clock-o\"><\/i> 2 noviembre, 2024<\/a><\/div><\/div>\n                <\/div>\n            <\/article><article class=\"jeg_post jeg_pl_sm format-standard\">\n                <div class=\"jeg_thumb\">\n                    \n                    <a href=\"https:\/\/vecinosdelinterior.com\/index.php\/2024\/05\/25\/consejo-consultivo-upro-en-tilisarao\/\"><div class=\"thumbnail-container animate-lazy  size-715 \"><img loading=\"lazy\" decoding=\"async\" width=\"120\" height=\"86\" src=\"https:\/\/vecinosdelinterior.com\/wp-content\/themes\/jnews\/assets\/img\/jeg-empty.png\" class=\"attachment-jnews-120x86 size-jnews-120x86 lazyload wp-post-image\" alt=\"Consejo Consultivo UPrO en Tilisarao\" sizes=\"(max-width: 120px) 100vw, 120px\" data-src=\"https:\/\/vecinosdelinterior.com\/wp-content\/uploads\/2024\/09\/Noticia29b-120x86.webp\" data-srcset=\"https:\/\/vecinosdelinterior.com\/wp-content\/uploads\/2024\/09\/Noticia29b-120x86.webp 120w, https:\/\/vecinosdelinterior.com\/wp-content\/uploads\/2024\/09\/Noticia29b-350x250.webp 350w, https:\/\/vecinosdelinterior.com\/wp-content\/uploads\/2024\/09\/Noticia29b-750x536.webp 750w\" data-sizes=\"auto\" data-expand=\"700\" \/><\/div><\/a>\n                <\/div>\n                <div class=\"jeg_postblock_content\">\n                    <h3 class=\"jeg_post_title\">\n                        <a href=\"https:\/\/vecinosdelinterior.com\/index.php\/2024\/05\/25\/consejo-consultivo-upro-en-tilisarao\/\">Consejo Consultivo UPrO en Tilisarao<\/a>\n                    <\/h3>\n                    <div class=\"jeg_post_meta\"><div class=\"jeg_meta_date\"><a href=\"https:\/\/vecinosdelinterior.com\/index.php\/2024\/05\/25\/consejo-consultivo-upro-en-tilisarao\/\" ><i class=\"fa fa-clock-o\"><\/i> 24 septiembre, 2024<\/a><\/div><\/div>\n                <\/div>\n            <\/article>\n                <\/div>\n            <\/div>\n                <div class='module-overlay'>\n                <div class='preloader_type preloader_dot'>\n                    <div class=\"module-preloader jeg_preloader dot\">\n                        <span><\/span><span><\/span><span><\/span>\n                    <\/div>\n                    <div class=\"module-preloader jeg_preloader circle\">\n                        <div class=\"jnews_preloader_circle_outer\">\n                            <div class=\"jnews_preloader_circle_inner\"><\/div>\n                        <\/div>\n                    <\/div>\n                    <div class=\"module-preloader jeg_preloader square\">\n                        <div class=\"jeg_square\"><div class=\"jeg_square_inner\"><\/div><\/div>\n                    <\/div>\n                <\/div>\n            <\/div>\n            <\/div>\n            <div class=\"jeg_block_navigation\">\n                <div class='navigation_overlay'><div class='module-preloader jeg_preloader'><span><\/span><span><\/span><span><\/span><\/div><\/div>\n                \n                \n            <\/div>\n                <style scoped>.jnews_module__10_69f340fd6ec04 .jeg_block_heading_9 { border-color: #3d348b; }<\/style>\n                <script>var jnews_module__10_69f340fd6ec04 = {\"header_icon\":\"\",\"first_title\":\"Upro\",\"second_title\":\"\",\"url\":\"\",\"header_type\":\"heading_9\",\"header_background\":\"\",\"header_secondary_background\":\"\",\"header_text_color\":\"\",\"header_line_color\":\"#3d348b\",\"header_accent_color\":\"\",\"header_filter_category\":\"\",\"header_filter_author\":\"\",\"header_filter_tag\":\"\",\"header_filter_text\":\"All\",\"post_type\":\"post\",\"content_type\":\"all\",\"number_post\":\"3\",\"post_offset\":\"0\",\"unique_content\":\"disable\",\"include_post\":\"\",\"exclude_post\":\"\",\"include_category\":\"\",\"exclude_category\":\"\",\"include_author\":\"\",\"include_tag\":\"136\",\"exclude_tag\":\"\",\"sort_by\":\"latest\",\"date_format\":\"default\",\"date_format_custom\":\"Y\\\/m\\\/d\",\"force_normal_image_load\":\"\",\"pagination_mode\":\"disable\",\"pagination_nextprev_showtext\":\"\",\"pagination_number_post\":6,\"pagination_scroll_limit\":0,\"boxed\":\"true\",\"boxed_shadow\":\"true\",\"el_id\":\"\",\"el_class\":\"\",\"scheme\":\"\",\"column_width\":\"4\",\"title_color\":\"\",\"accent_color\":\"\",\"alt_color\":\"\",\"excerpt_color\":\"\",\"css\":\"\",\"compatible_column_notice\":\"\",\"paged\":1,\"column_class\":\"jeg_col_1o3\",\"class\":\"jnews_block_19\"};<\/script>\n            <\/div>[\/vc_column][\/vc_row][vc_row][vc_column width=\u00bb1\/3&#8243;]<div  class=\"jeg_postblock_19 jeg_postblock jeg_module_hook jeg_pagination_disable jeg_col_1o3 jnews_module__11_69f340fd7018a  jeg_pb_boxed jeg_pb_boxed_shadow  \" data-unique=\"jnews_module__11_69f340fd7018a\">\n                <div class=\"jeg_block_heading jeg_block_heading_9 jeg_subcat_right\">\n                    <h3 class=\"jeg_block_title\"><span>Gobierno<\/span><\/h3>\n                    \n                <\/div>\n                <div class=\"jeg_block_container\">\n                \n                <div class=\"jeg_posts\">\n                <article class=\"jeg_post jeg_pl_md_box format-standard\">\n                <div class=\"box_wrap\">\n                    <div class=\"jeg_thumb\">\n                        \n                        <a href=\"https:\/\/vecinosdelinterior.com\/index.php\/2023\/12\/30\/aumenta-el-transporte-interurbano\/\"><div class=\"thumbnail-container animate-lazy  size-715 \"><img loading=\"lazy\" decoding=\"async\" width=\"350\" height=\"250\" src=\"https:\/\/vecinosdelinterior.com\/wp-content\/themes\/jnews\/assets\/img\/jeg-empty.png\" class=\"attachment-jnews-350x250 size-jnews-350x250 lazyload wp-post-image\" alt=\"Merlo: el Concejo aprob\u00f3 la nueva tarifa de $300 para el transporte p\u00fablico de pasajeros\" sizes=\"(max-width: 350px) 100vw, 350px\" data-src=\"https:\/\/vecinosdelinterior.com\/wp-content\/uploads\/2023\/12\/21-12-2023-19-54-31-350x250.jpg\" data-srcset=\"https:\/\/vecinosdelinterior.com\/wp-content\/uploads\/2023\/12\/21-12-2023-19-54-31-350x250.jpg 350w, https:\/\/vecinosdelinterior.com\/wp-content\/uploads\/2023\/12\/21-12-2023-19-54-31-120x86.jpg 120w\" data-sizes=\"auto\" data-expand=\"700\" \/><\/div><\/a>\n                    <\/div>\n                    <div class=\"jeg_postblock_content\">\n                        <h3 class=\"jeg_post_title\">\n                            <a href=\"https:\/\/vecinosdelinterior.com\/index.php\/2023\/12\/30\/aumenta-el-transporte-interurbano\/\">AUMENTA EL TRANSPORTE INTERURBANO<\/a>\n                        <\/h3>\n                        <div class=\"jeg_post_meta\"><div class=\"jeg_meta_date\"><a href=\"https:\/\/vecinosdelinterior.com\/index.php\/2023\/12\/30\/aumenta-el-transporte-interurbano\/\" ><i class=\"fa fa-clock-o\"><\/i> 30 diciembre, 2023<\/a><\/div><\/div>\n                    <\/div>\n                <\/div>\n            <\/article>\n                <div class=\"jeg_postsmall jeg_load_more_flag\">\n                    <article class=\"jeg_post jeg_pl_sm format-standard\">\n                <div class=\"jeg_thumb\">\n                    \n                    <a href=\"https:\/\/vecinosdelinterior.com\/index.php\/2023\/10\/26\/finalizaron-obras-hidricas-en-villa-de-merlo-impulso-para-el-abastecimiento-de-agua\/\"><div class=\"thumbnail-container animate-lazy  size-715 \"><img loading=\"lazy\" decoding=\"async\" width=\"120\" height=\"86\" src=\"https:\/\/vecinosdelinterior.com\/wp-content\/themes\/jnews\/assets\/img\/jeg-empty.png\" class=\"attachment-jnews-120x86 size-jnews-120x86 lazyload wp-post-image\" alt=\"Finalizaron obras h\u00eddricas en Villa de Merlo: impulso para el abastecimiento de agua\" sizes=\"(max-width: 120px) 100vw, 120px\" data-src=\"https:\/\/vecinosdelinterior.com\/wp-content\/uploads\/2023\/10\/DSC_9496-120x86.jpg\" data-srcset=\"https:\/\/vecinosdelinterior.com\/wp-content\/uploads\/2023\/10\/DSC_9496-120x86.jpg 120w, https:\/\/vecinosdelinterior.com\/wp-content\/uploads\/2023\/10\/DSC_9496-350x250.jpg 350w, https:\/\/vecinosdelinterior.com\/wp-content\/uploads\/2023\/10\/DSC_9496-750x536.jpg 750w, https:\/\/vecinosdelinterior.com\/wp-content\/uploads\/2023\/10\/DSC_9496-1140x815.jpg 1140w\" data-sizes=\"auto\" data-expand=\"700\" \/><\/div><\/a>\n                <\/div>\n                <div class=\"jeg_postblock_content\">\n                    <h3 class=\"jeg_post_title\">\n                        <a href=\"https:\/\/vecinosdelinterior.com\/index.php\/2023\/10\/26\/finalizaron-obras-hidricas-en-villa-de-merlo-impulso-para-el-abastecimiento-de-agua\/\">Finalizaron obras h\u00eddricas en Villa de Merlo: impulso para el abastecimiento de agua<\/a>\n                    <\/h3>\n                    <div class=\"jeg_post_meta\"><div class=\"jeg_meta_date\"><a href=\"https:\/\/vecinosdelinterior.com\/index.php\/2023\/10\/26\/finalizaron-obras-hidricas-en-villa-de-merlo-impulso-para-el-abastecimiento-de-agua\/\" ><i class=\"fa fa-clock-o\"><\/i> 26 octubre, 2023<\/a><\/div><\/div>\n                <\/div>\n            <\/article><article class=\"jeg_post jeg_pl_sm format-standard\">\n                <div class=\"jeg_thumb\">\n                    \n                    <a href=\"https:\/\/vecinosdelinterior.com\/index.php\/2023\/08\/03\/la-obra-de-la-nueva-escuela-en-los-molles-avanza-a-buen-ritmo\/\"><div class=\"thumbnail-container animate-lazy  size-715 \"><img loading=\"lazy\" decoding=\"async\" width=\"120\" height=\"80\" src=\"https:\/\/vecinosdelinterior.com\/wp-content\/themes\/jnews\/assets\/img\/jeg-empty.png\" class=\"attachment-jnews-120x86 size-jnews-120x86 lazyload wp-post-image\" alt=\"La obra de la nueva escuela en \u201cLos Molles\u201d avanza a buen ritmo\" sizes=\"(max-width: 120px) 100vw, 120px\" data-src=\"https:\/\/vecinosdelinterior.com\/wp-content\/uploads\/2023\/08\/WhatsApp-Image-2023-08-03-at-14.07.26.jpeg\" data-srcset=\"https:\/\/vecinosdelinterior.com\/wp-content\/uploads\/2023\/08\/WhatsApp-Image-2023-08-03-at-14.07.26.jpeg 1392w, https:\/\/vecinosdelinterior.com\/wp-content\/uploads\/2023\/08\/WhatsApp-Image-2023-08-03-at-14.07.26-300x200.jpeg 300w, https:\/\/vecinosdelinterior.com\/wp-content\/uploads\/2023\/08\/WhatsApp-Image-2023-08-03-at-14.07.26-1024x683.jpeg 1024w, https:\/\/vecinosdelinterior.com\/wp-content\/uploads\/2023\/08\/WhatsApp-Image-2023-08-03-at-14.07.26-768x512.jpeg 768w, https:\/\/vecinosdelinterior.com\/wp-content\/uploads\/2023\/08\/WhatsApp-Image-2023-08-03-at-14.07.26-1280x845.jpeg 1280w, https:\/\/vecinosdelinterior.com\/wp-content\/uploads\/2023\/08\/WhatsApp-Image-2023-08-03-at-14.07.26-720x475.jpeg 720w\" data-sizes=\"auto\" data-expand=\"700\" \/><\/div><\/a>\n                <\/div>\n                <div class=\"jeg_postblock_content\">\n                    <h3 class=\"jeg_post_title\">\n                        <a href=\"https:\/\/vecinosdelinterior.com\/index.php\/2023\/08\/03\/la-obra-de-la-nueva-escuela-en-los-molles-avanza-a-buen-ritmo\/\">La obra de la nueva escuela en \u201cLos Molles\u201d avanza a buen ritmo<\/a>\n                    <\/h3>\n                    <div class=\"jeg_post_meta\"><div class=\"jeg_meta_date\"><a href=\"https:\/\/vecinosdelinterior.com\/index.php\/2023\/08\/03\/la-obra-de-la-nueva-escuela-en-los-molles-avanza-a-buen-ritmo\/\" ><i class=\"fa fa-clock-o\"><\/i> 3 agosto, 2023<\/a><\/div><\/div>\n                <\/div>\n            <\/article>\n                <\/div>\n            <\/div>\n                <div class='module-overlay'>\n                <div class='preloader_type preloader_dot'>\n                    <div class=\"module-preloader jeg_preloader dot\">\n                        <span><\/span><span><\/span><span><\/span>\n                    <\/div>\n                    <div class=\"module-preloader jeg_preloader circle\">\n                        <div class=\"jnews_preloader_circle_outer\">\n                            <div class=\"jnews_preloader_circle_inner\"><\/div>\n                        <\/div>\n                    <\/div>\n                    <div class=\"module-preloader jeg_preloader square\">\n                        <div class=\"jeg_square\"><div class=\"jeg_square_inner\"><\/div><\/div>\n                    <\/div>\n                <\/div>\n            <\/div>\n            <\/div>\n            <div class=\"jeg_block_navigation\">\n                <div class='navigation_overlay'><div class='module-preloader jeg_preloader'><span><\/span><span><\/span><span><\/span><\/div><\/div>\n                \n                \n            <\/div>\n                <style scoped>.jnews_module__11_69f340fd7018a .jeg_block_heading_9 { border-color: #3d348b; }<\/style>\n                <script>var jnews_module__11_69f340fd7018a = {\"header_icon\":\"\",\"first_title\":\"Gobierno\",\"second_title\":\"\",\"url\":\"\",\"header_type\":\"heading_9\",\"header_background\":\"\",\"header_secondary_background\":\"\",\"header_text_color\":\"\",\"header_line_color\":\"#3d348b\",\"header_accent_color\":\"\",\"header_filter_category\":\"\",\"header_filter_author\":\"\",\"header_filter_tag\":\"\",\"header_filter_text\":\"All\",\"post_type\":\"post\",\"content_type\":\"all\",\"number_post\":\"3\",\"post_offset\":\"\",\"unique_content\":\"disable\",\"include_post\":\"\",\"exclude_post\":\"\",\"include_category\":\"\",\"exclude_category\":\"\",\"include_author\":\"\",\"include_tag\":\"22\",\"exclude_tag\":\"\",\"sort_by\":\"latest\",\"date_format\":\"default\",\"date_format_custom\":\"Y\\\/m\\\/d\",\"force_normal_image_load\":\"\",\"pagination_mode\":\"disable\",\"pagination_nextprev_showtext\":\"\",\"pagination_number_post\":6,\"pagination_scroll_limit\":0,\"boxed\":\"true\",\"boxed_shadow\":\"true\",\"el_id\":\"\",\"el_class\":\"\",\"scheme\":\"\",\"column_width\":\"4\",\"title_color\":\"\",\"accent_color\":\"\",\"alt_color\":\"\",\"excerpt_color\":\"\",\"css\":\"\",\"compatible_column_notice\":\"\",\"paged\":1,\"column_class\":\"jeg_col_1o3\",\"class\":\"jnews_block_19\"};<\/script>\n            <\/div>[\/vc_column][vc_column width=\u00bb1\/3&#8243;]<div  class=\"jeg_postblock_19 jeg_postblock jeg_module_hook jeg_pagination_disable jeg_col_1o3 jnews_module__12_69f340fd717c1  jeg_pb_boxed jeg_pb_boxed_shadow  \" data-unique=\"jnews_module__12_69f340fd717c1\">\n                <div class=\"jeg_block_heading jeg_block_heading_9 jeg_subcat_right\">\n                    <h3 class=\"jeg_block_title\"><span>Policiales<\/span><\/h3>\n                    \n                <\/div>\n                <div class=\"jeg_block_container\">\n                \n                <div class=\"jeg_posts\">\n                <article class=\"jeg_post jeg_pl_md_box format-standard\">\n                <div class=\"box_wrap\">\n                    <div class=\"jeg_thumb\">\n                        \n                        <a href=\"https:\/\/vecinosdelinterior.com\/index.php\/2025\/10\/21\/murio-el-intendente-de-fortin-el-patria-diego-raul-gatica\/\"><div class=\"thumbnail-container animate-lazy  size-715 \"><img loading=\"lazy\" decoding=\"async\" width=\"350\" height=\"250\" src=\"https:\/\/vecinosdelinterior.com\/wp-content\/themes\/jnews\/assets\/img\/jeg-empty.png\" class=\"attachment-jnews-350x250 size-jnews-350x250 lazyload wp-post-image\" alt=\"Muri\u00f3 el intendente de Fort\u00edn el Patria, Diego Ra\u00fal Gatica\" sizes=\"(max-width: 350px) 100vw, 350px\" data-src=\"https:\/\/vecinosdelinterior.com\/wp-content\/uploads\/2025\/10\/sm-350x250.webp\" data-srcset=\"https:\/\/vecinosdelinterior.com\/wp-content\/uploads\/2025\/10\/sm-350x250.webp 350w, https:\/\/vecinosdelinterior.com\/wp-content\/uploads\/2025\/10\/sm-120x86.webp 120w\" data-sizes=\"auto\" data-expand=\"700\" \/><\/div><\/a>\n                    <\/div>\n                    <div class=\"jeg_postblock_content\">\n                        <h3 class=\"jeg_post_title\">\n                            <a href=\"https:\/\/vecinosdelinterior.com\/index.php\/2025\/10\/21\/murio-el-intendente-de-fortin-el-patria-diego-raul-gatica\/\">Muri\u00f3 el intendente de Fort\u00edn el Patria, Diego Ra\u00fal Gatica<\/a>\n                        <\/h3>\n                        <div class=\"jeg_post_meta\"><div class=\"jeg_meta_date\"><a href=\"https:\/\/vecinosdelinterior.com\/index.php\/2025\/10\/21\/murio-el-intendente-de-fortin-el-patria-diego-raul-gatica\/\" ><i class=\"fa fa-clock-o\"><\/i> 22 octubre, 2025<\/a><\/div><\/div>\n                    <\/div>\n                <\/div>\n            <\/article>\n                <div class=\"jeg_postsmall jeg_load_more_flag\">\n                    <article class=\"jeg_post jeg_pl_sm format-standard\">\n                <div class=\"jeg_thumb\">\n                    \n                    <a href=\"https:\/\/vecinosdelinterior.com\/index.php\/2025\/09\/23\/nogoli-un-joven-fue-hospitalizado-tras-accidentarse-en-una-motocicleta\/\"><div class=\"thumbnail-container animate-lazy  size-715 \"><img loading=\"lazy\" decoding=\"async\" width=\"120\" height=\"86\" src=\"https:\/\/vecinosdelinterior.com\/wp-content\/themes\/jnews\/assets\/img\/jeg-empty.png\" class=\"attachment-jnews-120x86 size-jnews-120x86 lazyload wp-post-image\" alt=\"Nogol\u00ed: un joven fue hospitalizado tras accidentarse en una motocicleta\" sizes=\"(max-width: 120px) 100vw, 120px\" data-src=\"https:\/\/vecinosdelinterior.com\/wp-content\/uploads\/2025\/09\/550555634_658639837286706_7839332506420930826_n-120x86.jpg\" data-srcset=\"https:\/\/vecinosdelinterior.com\/wp-content\/uploads\/2025\/09\/550555634_658639837286706_7839332506420930826_n-120x86.jpg 120w, https:\/\/vecinosdelinterior.com\/wp-content\/uploads\/2025\/09\/550555634_658639837286706_7839332506420930826_n-350x250.jpg 350w, https:\/\/vecinosdelinterior.com\/wp-content\/uploads\/2025\/09\/550555634_658639837286706_7839332506420930826_n-750x536.jpg 750w, https:\/\/vecinosdelinterior.com\/wp-content\/uploads\/2025\/09\/550555634_658639837286706_7839332506420930826_n-1140x815.jpg 1140w\" data-sizes=\"auto\" data-expand=\"700\" \/><\/div><\/a>\n                <\/div>\n                <div class=\"jeg_postblock_content\">\n                    <h3 class=\"jeg_post_title\">\n                        <a href=\"https:\/\/vecinosdelinterior.com\/index.php\/2025\/09\/23\/nogoli-un-joven-fue-hospitalizado-tras-accidentarse-en-una-motocicleta\/\">Nogol\u00ed: un joven fue hospitalizado tras accidentarse en una motocicleta<\/a>\n                    <\/h3>\n                    <div class=\"jeg_post_meta\"><div class=\"jeg_meta_date\"><a href=\"https:\/\/vecinosdelinterior.com\/index.php\/2025\/09\/23\/nogoli-un-joven-fue-hospitalizado-tras-accidentarse-en-una-motocicleta\/\" ><i class=\"fa fa-clock-o\"><\/i> 24 septiembre, 2025<\/a><\/div><\/div>\n                <\/div>\n            <\/article><article class=\"jeg_post jeg_pl_sm format-standard\">\n                <div class=\"jeg_thumb\">\n                    \n                    <a href=\"https:\/\/vecinosdelinterior.com\/index.php\/2025\/09\/22\/quemaron-una-casa-mientras-dos-hermanos-dormian\/\"><div class=\"thumbnail-container animate-lazy  size-715 \"><img loading=\"lazy\" decoding=\"async\" width=\"120\" height=\"86\" src=\"https:\/\/vecinosdelinterior.com\/wp-content\/themes\/jnews\/assets\/img\/jeg-empty.png\" class=\"attachment-jnews-120x86 size-jnews-120x86 lazyload wp-post-image\" alt=\"Quemaron una casa mientras dos hermanos dorm\u00edan\" sizes=\"(max-width: 120px) 100vw, 120px\" data-src=\"https:\/\/vecinosdelinterior.com\/wp-content\/uploads\/2025\/09\/552496219_658147890669234_6090811549722563415_n-120x86.jpg\" data-srcset=\"https:\/\/vecinosdelinterior.com\/wp-content\/uploads\/2025\/09\/552496219_658147890669234_6090811549722563415_n-120x86.jpg 120w, https:\/\/vecinosdelinterior.com\/wp-content\/uploads\/2025\/09\/552496219_658147890669234_6090811549722563415_n-350x250.jpg 350w\" data-sizes=\"auto\" data-expand=\"700\" \/><\/div><\/a>\n                <\/div>\n                <div class=\"jeg_postblock_content\">\n                    <h3 class=\"jeg_post_title\">\n                        <a href=\"https:\/\/vecinosdelinterior.com\/index.php\/2025\/09\/22\/quemaron-una-casa-mientras-dos-hermanos-dormian\/\">Quemaron una casa mientras dos hermanos dorm\u00edan<\/a>\n                    <\/h3>\n                    <div class=\"jeg_post_meta\"><div class=\"jeg_meta_date\"><a href=\"https:\/\/vecinosdelinterior.com\/index.php\/2025\/09\/22\/quemaron-una-casa-mientras-dos-hermanos-dormian\/\" ><i class=\"fa fa-clock-o\"><\/i> 24 septiembre, 2025<\/a><\/div><\/div>\n                <\/div>\n            <\/article>\n                <\/div>\n            <\/div>\n                <div class='module-overlay'>\n                <div class='preloader_type preloader_dot'>\n                    <div class=\"module-preloader jeg_preloader dot\">\n                        <span><\/span><span><\/span><span><\/span>\n                    <\/div>\n                    <div class=\"module-preloader jeg_preloader circle\">\n                        <div class=\"jnews_preloader_circle_outer\">\n                            <div class=\"jnews_preloader_circle_inner\"><\/div>\n                        <\/div>\n                    <\/div>\n                    <div class=\"module-preloader jeg_preloader square\">\n                        <div class=\"jeg_square\"><div class=\"jeg_square_inner\"><\/div><\/div>\n                    <\/div>\n                <\/div>\n            <\/div>\n            <\/div>\n            <div class=\"jeg_block_navigation\">\n                <div class='navigation_overlay'><div class='module-preloader jeg_preloader'><span><\/span><span><\/span><span><\/span><\/div><\/div>\n                \n                \n            <\/div>\n                <style scoped>.jnews_module__12_69f340fd717c1 .jeg_block_heading_9 { border-color: #3d348b; }<\/style>\n                <script>var jnews_module__12_69f340fd717c1 = {\"header_icon\":\"\",\"first_title\":\"Policiales\",\"second_title\":\"\",\"url\":\"\",\"header_type\":\"heading_9\",\"header_background\":\"\",\"header_secondary_background\":\"\",\"header_text_color\":\"\",\"header_line_color\":\"#3d348b\",\"header_accent_color\":\"\",\"header_filter_category\":\"\",\"header_filter_author\":\"\",\"header_filter_tag\":\"\",\"header_filter_text\":\"All\",\"post_type\":\"post\",\"content_type\":\"all\",\"number_post\":\"3\",\"post_offset\":\"\",\"unique_content\":\"disable\",\"include_post\":\"\",\"exclude_post\":\"\",\"include_category\":\"\",\"exclude_category\":\"\",\"include_author\":\"\",\"include_tag\":\"46\",\"exclude_tag\":\"\",\"sort_by\":\"latest\",\"date_format\":\"default\",\"date_format_custom\":\"Y\\\/m\\\/d\",\"force_normal_image_load\":\"\",\"pagination_mode\":\"disable\",\"pagination_nextprev_showtext\":\"\",\"pagination_number_post\":6,\"pagination_scroll_limit\":0,\"boxed\":\"true\",\"boxed_shadow\":\"true\",\"el_id\":\"\",\"el_class\":\"\",\"scheme\":\"\",\"column_width\":\"4\",\"title_color\":\"\",\"accent_color\":\"\",\"alt_color\":\"\",\"excerpt_color\":\"\",\"css\":\"\",\"compatible_column_notice\":\"\",\"paged\":1,\"column_class\":\"jeg_col_1o3\",\"class\":\"jnews_block_19\"};<\/script>\n            <\/div>[\/vc_column][vc_column width=\u00bb1\/3&#8243;]<div  class=\"jeg_postblock_19 jeg_postblock jeg_module_hook jeg_pagination_disable jeg_col_1o3 jnews_module__13_69f340fd72ef4  jeg_pb_boxed jeg_pb_boxed_shadow  \" data-unique=\"jnews_module__13_69f340fd72ef4\">\n                <div class=\"jeg_block_heading jeg_block_heading_9 jeg_subcat_right\">\n                    <h3 class=\"jeg_block_title\"><span>Juventudes<\/span><\/h3>\n                    \n                <\/div>\n                <div class=\"jeg_block_container\">\n                \n                <div class=\"jeg_posts\">\n                <article class=\"jeg_post jeg_pl_md_box format-standard\">\n                <div class=\"box_wrap\">\n                    <div class=\"jeg_thumb\">\n                        \n                        <a href=\"https:\/\/vecinosdelinterior.com\/index.php\/2024\/01\/29\/una-escuela-de-natacion-de-concaran-participo-de-la-carrera-entre-2-escolleras-en-mar-del-plata\/\"><div class=\"thumbnail-container animate-lazy  size-715 \"><img loading=\"lazy\" decoding=\"async\" width=\"350\" height=\"250\" src=\"https:\/\/vecinosdelinterior.com\/wp-content\/themes\/jnews\/assets\/img\/jeg-empty.png\" class=\"attachment-jnews-350x250 size-jnews-350x250 lazyload wp-post-image\" alt=\"Una escuela de nataci\u00f3n de Concar\u00e1n particip\u00f3 de la carrera \u2018Entre 2 Escolleras\u2019 en Mar del Plata\" sizes=\"(max-width: 350px) 100vw, 350px\" data-src=\"https:\/\/vecinosdelinterior.com\/wp-content\/uploads\/2024\/01\/nataciongea2-350x250.webp\" data-srcset=\"https:\/\/vecinosdelinterior.com\/wp-content\/uploads\/2024\/01\/nataciongea2-350x250.webp 350w, https:\/\/vecinosdelinterior.com\/wp-content\/uploads\/2024\/01\/nataciongea2-120x86.webp 120w\" data-sizes=\"auto\" data-expand=\"700\" \/><\/div><\/a>\n                    <\/div>\n                    <div class=\"jeg_postblock_content\">\n                        <h3 class=\"jeg_post_title\">\n                            <a href=\"https:\/\/vecinosdelinterior.com\/index.php\/2024\/01\/29\/una-escuela-de-natacion-de-concaran-participo-de-la-carrera-entre-2-escolleras-en-mar-del-plata\/\">Una escuela de nataci\u00f3n de Concar\u00e1n particip\u00f3 de la carrera \u2018Entre 2 Escolleras\u2019 en Mar del Plata<\/a>\n                        <\/h3>\n                        <div class=\"jeg_post_meta\"><div class=\"jeg_meta_date\"><a href=\"https:\/\/vecinosdelinterior.com\/index.php\/2024\/01\/29\/una-escuela-de-natacion-de-concaran-participo-de-la-carrera-entre-2-escolleras-en-mar-del-plata\/\" ><i class=\"fa fa-clock-o\"><\/i> 9 febrero, 2024<\/a><\/div><\/div>\n                    <\/div>\n                <\/div>\n            <\/article>\n                <div class=\"jeg_postsmall jeg_load_more_flag\">\n                    <article class=\"jeg_post jeg_pl_sm format-standard\">\n                <div class=\"jeg_thumb\">\n                    \n                    <a href=\"https:\/\/vecinosdelinterior.com\/index.php\/2023\/10\/02\/los-jovenes-del-departamento-san-martin-disfrutaron-de-los-festejos-por-su-efemeride\/\"><div class=\"thumbnail-container animate-lazy  size-715 \"><img loading=\"lazy\" decoding=\"async\" width=\"120\" height=\"86\" src=\"https:\/\/vecinosdelinterior.com\/wp-content\/themes\/jnews\/assets\/img\/jeg-empty.png\" class=\"attachment-jnews-120x86 size-jnews-120x86 lazyload wp-post-image\" alt=\"Los j\u00f3venes del departamento San Mart\u00edn disfrutaron de los festejos por su efem\u00e9ride\" sizes=\"(max-width: 120px) 100vw, 120px\" data-src=\"https:\/\/vecinosdelinterior.com\/wp-content\/uploads\/2023\/10\/LOR3737-768x512-1-120x86.jpg\" data-srcset=\"https:\/\/vecinosdelinterior.com\/wp-content\/uploads\/2023\/10\/LOR3737-768x512-1-120x86.jpg 120w, https:\/\/vecinosdelinterior.com\/wp-content\/uploads\/2023\/10\/LOR3737-768x512-1-350x250.jpg 350w\" data-sizes=\"auto\" data-expand=\"700\" \/><\/div><\/a>\n                <\/div>\n                <div class=\"jeg_postblock_content\">\n                    <h3 class=\"jeg_post_title\">\n                        <a href=\"https:\/\/vecinosdelinterior.com\/index.php\/2023\/10\/02\/los-jovenes-del-departamento-san-martin-disfrutaron-de-los-festejos-por-su-efemeride\/\">Los j\u00f3venes del departamento San Mart\u00edn disfrutaron de los festejos por su efem\u00e9ride<\/a>\n                    <\/h3>\n                    <div class=\"jeg_post_meta\"><div class=\"jeg_meta_date\"><a href=\"https:\/\/vecinosdelinterior.com\/index.php\/2023\/10\/02\/los-jovenes-del-departamento-san-martin-disfrutaron-de-los-festejos-por-su-efemeride\/\" ><i class=\"fa fa-clock-o\"><\/i> 2 octubre, 2023<\/a><\/div><\/div>\n                <\/div>\n            <\/article><article class=\"jeg_post jeg_pl_sm format-standard\">\n                <div class=\"jeg_thumb\">\n                    \n                    <a href=\"https:\/\/vecinosdelinterior.com\/index.php\/2023\/07\/06\/abrio-la-casa-de-las-juventudes-en-la-toma\/\"><div class=\"thumbnail-container animate-lazy  size-715 \"><img loading=\"lazy\" decoding=\"async\" width=\"120\" height=\"80\" src=\"https:\/\/vecinosdelinterior.com\/wp-content\/themes\/jnews\/assets\/img\/jeg-empty.png\" class=\"attachment-jnews-120x86 size-jnews-120x86 lazyload wp-post-image\" alt=\"Abri\u00f3 la Casa de las Juventudes en La Toma\" sizes=\"(max-width: 120px) 100vw, 120px\" data-src=\"https:\/\/vecinosdelinterior.com\/wp-content\/uploads\/2023\/07\/DSC_1435.jpg\" data-srcset=\"https:\/\/vecinosdelinterior.com\/wp-content\/uploads\/2023\/07\/DSC_1435.jpg 1620w, https:\/\/vecinosdelinterior.com\/wp-content\/uploads\/2023\/07\/DSC_1435-300x200.jpg 300w, https:\/\/vecinosdelinterior.com\/wp-content\/uploads\/2023\/07\/DSC_1435-1024x683.jpg 1024w, https:\/\/vecinosdelinterior.com\/wp-content\/uploads\/2023\/07\/DSC_1435-768x512.jpg 768w, https:\/\/vecinosdelinterior.com\/wp-content\/uploads\/2023\/07\/DSC_1435-1536x1024.jpg 1536w\" data-sizes=\"auto\" data-expand=\"700\" \/><\/div><\/a>\n                <\/div>\n                <div class=\"jeg_postblock_content\">\n                    <h3 class=\"jeg_post_title\">\n                        <a href=\"https:\/\/vecinosdelinterior.com\/index.php\/2023\/07\/06\/abrio-la-casa-de-las-juventudes-en-la-toma\/\">Abri\u00f3 la Casa de las Juventudes en La Toma<\/a>\n                    <\/h3>\n                    <div class=\"jeg_post_meta\"><div class=\"jeg_meta_date\"><a href=\"https:\/\/vecinosdelinterior.com\/index.php\/2023\/07\/06\/abrio-la-casa-de-las-juventudes-en-la-toma\/\" ><i class=\"fa fa-clock-o\"><\/i> 6 julio, 2023<\/a><\/div><\/div>\n                <\/div>\n            <\/article>\n                <\/div>\n            <\/div>\n                <div class='module-overlay'>\n                <div class='preloader_type preloader_dot'>\n                    <div class=\"module-preloader jeg_preloader dot\">\n                        <span><\/span><span><\/span><span><\/span>\n                    <\/div>\n                    <div class=\"module-preloader jeg_preloader circle\">\n                        <div class=\"jnews_preloader_circle_outer\">\n                            <div class=\"jnews_preloader_circle_inner\"><\/div>\n                        <\/div>\n                    <\/div>\n                    <div class=\"module-preloader jeg_preloader square\">\n                        <div class=\"jeg_square\"><div class=\"jeg_square_inner\"><\/div><\/div>\n                    <\/div>\n                <\/div>\n            <\/div>\n            <\/div>\n            <div class=\"jeg_block_navigation\">\n                <div class='navigation_overlay'><div class='module-preloader jeg_preloader'><span><\/span><span><\/span><span><\/span><\/div><\/div>\n                \n                \n            <\/div>\n                <style scoped>.jnews_module__13_69f340fd72ef4 .jeg_block_heading_9 { border-color: #3d348b; }<\/style>\n                <script>var jnews_module__13_69f340fd72ef4 = {\"header_icon\":\"\",\"first_title\":\"Juventudes\",\"second_title\":\"\",\"url\":\"\",\"header_type\":\"heading_9\",\"header_background\":\"\",\"header_secondary_background\":\"\",\"header_text_color\":\"\",\"header_line_color\":\"#3d348b\",\"header_accent_color\":\"\",\"header_filter_category\":\"\",\"header_filter_author\":\"\",\"header_filter_tag\":\"\",\"header_filter_text\":\"All\",\"post_type\":\"post\",\"content_type\":\"all\",\"number_post\":\"3\",\"post_offset\":\"0\",\"unique_content\":\"disable\",\"include_post\":\"\",\"exclude_post\":\"\",\"include_category\":\"\",\"exclude_category\":\"\",\"include_author\":\"\",\"include_tag\":\"7\",\"exclude_tag\":\"\",\"sort_by\":\"latest\",\"date_format\":\"default\",\"date_format_custom\":\"Y\\\/m\\\/d\",\"force_normal_image_load\":\"\",\"pagination_mode\":\"disable\",\"pagination_nextprev_showtext\":\"\",\"pagination_number_post\":6,\"pagination_scroll_limit\":0,\"boxed\":\"true\",\"boxed_shadow\":\"true\",\"el_id\":\"\",\"el_class\":\"\",\"scheme\":\"\",\"column_width\":\"4\",\"title_color\":\"\",\"accent_color\":\"\",\"alt_color\":\"\",\"excerpt_color\":\"\",\"css\":\"\",\"compatible_column_notice\":\"\",\"paged\":1,\"column_class\":\"jeg_col_1o3\",\"class\":\"jnews_block_19\"};<\/script>\n            <\/div>[\/vc_column][\/vc_row][vc_row][vc_column]<div  class='jeg_ad jeg_ad_module jnews_module__14_69f340fd743e0  vc_custom_1693151973289 '><div class='ads-wrapper'><a href='' target='_self' class='adlink ads_image '>\n\t\t\t\t\t\t\t\t<img src='https:\/\/vecinosdelinterior.com\/wp-content\/themes\/jnews\/assets\/img\/jeg-empty.png' class='lazyload' data-src='https:\/\/vecinosdelinterior.com\/wp-content\/uploads\/2023\/08\/970x90.jpg' alt='' data-pin-no-hover=\"true\">\n\t\t\t\t\t\t\t<\/a><a href='' target='_self' class='adlink ads_image_tablet '>\n\t\t\t\t\t\t\t\t<img src='https:\/\/vecinosdelinterior.com\/wp-content\/themes\/jnews\/assets\/img\/jeg-empty.png' class='lazyload' data-src='https:\/\/vecinosdelinterior.com\/wp-content\/uploads\/2023\/08\/970x90.jpg' alt='' data-pin-no-hover=\"true\">\n\t\t\t\t\t\t\t<\/a><a href='' target='_self' class='adlink ads_image_phone '>\n\t\t\t\t\t\t\t\t<img src='https:\/\/vecinosdelinterior.com\/wp-content\/themes\/jnews\/assets\/img\/jeg-empty.png' class='lazyload' data-src='https:\/\/vecinosdelinterior.com\/wp-content\/uploads\/2023\/08\/970x90.jpg' alt='' data-pin-no-hover=\"true\">\n\t\t\t\t\t\t\t<\/a><\/div><\/div>[\/vc_column][\/vc_row][vc_row][vc_column][vc_images_carousel images=\u00bb295,241,31,44,197,3484,3339&#8243; img_size=\u00bb300&#8243; slides_per_view=\u00bb5&#8243; autoplay=\u00bbyes\u00bb hide_pagination_control=\u00bbyes\u00bb hide_prev_next_buttons=\u00bbyes\u00bb wrap=\u00bbyes\u00bb title=\u00bbEnv\u00edanos tu postal\u00bb][\/vc_column][\/vc_row]<\/p>\n","protected":false},"excerpt":{"rendered":"<p>[vc_row][vc_column][\/vc_column][vc_column offset=\u00bbvc_hidden-xs\u00bb][vc_empty_space height=\u00bb10px\u00bb][\/vc_column][\/vc_row][vc_row vc_row_background=\u00bb\u00bb][vc_column offset=\u00bbvc_col-md-8&#8243;][vc_single_image image=\u00bb3203&#8243; img_size=\u00bblarge\u00bb][\/vc_column][vc_column width=\u00bb1\/3&#8243; sticky_sidebar=\u00bbyes\u00bb set_as_sidebar=\u00bbyes\u00bb offset=\u00bbvc_hidden-sm vc_hidden-xs\u00bb][vc_widget_sidebar sidebar_id=\u00bbdefault-sidebar\u00bb][vc_widget_sidebar sidebar_id=\u00bbdefault-sidebar\u00bb][vc_widget_sidebar sidebar_id=\u00bbhome-sidebar-1&#8243;][vc_single_image image=\u00bb1566&#8243; img_size=\u00bb\u00bb alignment=\u00bbcenter\u00bb onclick=\u00bbcustom_link\u00bb img_link_target=\u00bb_blank\u00bb link=\u00bbhttps:\/\/api.whatsapp.com\/send?phone=+2664835573&#038;text=M%C3%A1s%20info\u00bb][vc_single_image image=\u00bb558&#8243; img_size=\u00bb\u00bb alignment=\u00bbcenter\u00bb onclick=\u00bbcustom_link\u00bb img_link_target=\u00bb_blank\u00bb link=\u00bbhttps:\/\/www.juanakoslay.gob.ar\u00bb][vc_single_image image=\u00bb1393&#8243; img_size=\u00bb\u00bb alignment=\u00bbcenter\u00bb onclick=\u00bbcustom_link\u00bb img_link_target=\u00bb_blank\u00bb link=\u00bbhttps:\/\/link.mercadopago.com.ar\/vecinoswebs\u00bb][\/vc_column][\/vc_row][vc_row][vc_column][\/vc_column][\/vc_row][vc_row][vc_column width=\u00bb1\/3&#8243;][\/vc_column][vc_column width=\u00bb1\/3&#8243;][\/vc_column][vc_column width=\u00bb1\/3&#8243;][\/vc_column][\/vc_row][vc_row][vc_column width=\u00bb1\/3&#8243;][\/vc_column][vc_column width=\u00bb1\/3&#8243;][\/vc_column][vc_column width=\u00bb1\/3&#8243;][\/vc_column][\/vc_row][vc_row][vc_column][\/vc_column][\/vc_row][vc_row][vc_column][vc_images_carousel images=\u00bb295,241,31,44,197,3484,3339&#8243; img_size=\u00bb300&#8243; slides_per_view=\u00bb5&#8243; autoplay=\u00bbyes\u00bb hide_pagination_control=\u00bbyes\u00bb hide_prev_next_buttons=\u00bbyes\u00bb wrap=\u00bbyes\u00bb title=\u00bbEnv\u00edanos tu postal\u00bb][\/vc_column][\/vc_row]<\/p>\n","protected":false},"author":1,"featured_media":0,"parent":0,"menu_order":0,"comment_status":"closed","ping_status":"closed","template":"template-builder.php","meta":{"footnotes":""},"class_list":["post-433","page","type-page","status-publish","hentry"],"_links":{"self":[{"href":"https:\/\/vecinosdelinterior.com\/index.php\/wp-json\/wp\/v2\/pages\/433","targetHints":{"allow":["GET"]}}],"collection":[{"href":"https:\/\/vecinosdelinterior.com\/index.php\/wp-json\/wp\/v2\/pages"}],"about":[{"href":"https:\/\/vecinosdelinterior.com\/index.php\/wp-json\/wp\/v2\/types\/page"}],"author":[{"embeddable":true,"href":"https:\/\/vecinosdelinterior.com\/index.php\/wp-json\/wp\/v2\/users\/1"}],"replies":[{"embeddable":true,"href":"https:\/\/vecinosdelinterior.com\/index.php\/wp-json\/wp\/v2\/comments?post=433"}],"version-history":[{"count":23,"href":"https:\/\/vecinosdelinterior.com\/index.php\/wp-json\/wp\/v2\/pages\/433\/revisions"}],"predecessor-version":[{"id":6187,"href":"https:\/\/vecinosdelinterior.com\/index.php\/wp-json\/wp\/v2\/pages\/433\/revisions\/6187"}],"wp:attachment":[{"href":"https:\/\/vecinosdelinterior.com\/index.php\/wp-json\/wp\/v2\/media?parent=433"}],"curies":[{"name":"wp","href":"https:\/\/api.w.org\/{rel}","templated":true}]}}